{"id":70731,"date":"2016-02-23T11:44:40","date_gmt":"2016-02-23T10:44:40","guid":{"rendered":"https:\/\/www.clients.horus-informatique71.fr\/advocnar_backup\/?page_id=70731"},"modified":"2022-04-12T00:34:08","modified_gmt":"2022-04-11T22:34:08","slug":"advocnar","status":"publish","type":"page","link":"https:\/\/www.clients.horus-informatique71.fr\/advocnar_backup\/","title":{"rendered":"Accueil"},"content":{"rendered":"<p>[vc_row type=\u00a0\u00bbfull_page_width\u00a0\u00bb padding_top=\u00a0\u00bb\u00a0\u00bb padding_bottom=\u00a0\u00bb\u00a0\u00bb bg_type=\u00a0\u00bbtheme_default\u00a0\u00bb bg_grad=\u00a0\u00bbbackground: -webkit-gradient(linear, left top, left bottom, color-stop(0%, #FBFBFB), color-stop(50%, #E3E3E3), color-stop(100%, #C2C2C2));background: -moz-linear-gradient(top,#FBFBFB 0%,#E3E3E3 50%,#C2C2C2 100%);background: -webkit-linear-gradient(top,#FBFBFB 0%,#E3E3E3 50%,#C2C2C2 100%);background: -o-linear-gradient(top,#FBFBFB 0%,#E3E3E3 50%,#C2C2C2 100%);background: -ms-linear-gradient(top,#FBFBFB 0%,#E3E3E3 50%,#C2C2C2 100%);background: linear-gradient(top,#FBFBFB 0%,#E3E3E3 50%,#C2C2C2 100%);\u00a0\u00bb parallax_style=\u00a0\u00bbvcpb-default\u00a0\u00bb bg_image_repeat=\u00a0\u00bbno-repeat\u00a0\u00bb bg_image_size=\u00a0\u00bbcover\u00a0\u00bb bg_img_attach=\u00a0\u00bbfixed\u00a0\u00bb parallax_sense=\u00a0\u00bb30&Prime; bg_override=\u00a0\u00bb0&Prime; css=\u00a0\u00bb.vc_custom_1456741077606{margin-top: 0px !important;margin-bottom: 0px !important;background-color: #5081a1 !important;}\u00a0\u00bb viewport_vdo=\u00a0\u00bbviewport_play\u00a0\u00bb enable_controls=\u00a0\u00bbdisplay_control\u00a0\u00bb el_class=\u00a0\u00bbno-padding no-margin\u00a0\u00bb][vc_column width=\u00a0\u00bb1\/4&Prime; el_class=\u00a0\u00bbmenu-home-page\u00a0\u00bb][vc_wp_custommenu nav_menu=\u00a0\u00bb51&Prime;][\/vc_column][vc_column width=\u00a0\u00bb3\/4&Prime; css=\u00a0\u00bb.vc_custom_1476488223136{padding-right: 0px !important;padding-left: 0px !important;}\u00a0\u00bb][layerslider_vc id=\u00a0\u00bb4&Prime;][\/vc_column][\/vc_row][vc_row type=\u00a0\u00bbcontainer\u00a0\u00bb padding_top=\u00a0\u00bb\u00a0\u00bb padding_bottom=\u00a0\u00bb\u00a0\u00bb el_class=\u00a0\u00bbno-padding no-margin\u00a0\u00bb css=\u00a0\u00bb.vc_custom_1456741323464{background-color: #d4d4d4 !important;}\u00a0\u00bb][vc_column width=\u00a0\u00bb1\/4&Prime; el_class=\u00a0\u00bbsidebar-container\u00a0\u00bb offset=\u00a0\u00bbvc_hidden-sm vc_hidden-xs\u00a0\u00bb][vc_column_text css=\u00a0\u00bb.vc_custom_1483710260223{margin-top: 20px !important;}\u00a0\u00bb]<div class=\"complaints-count\">\n    <span>117241<\/span> plaintes\n<\/div>[\/vc_column_text][vc_row_inner el_class=\u00a0\u00bbsticky-posts\u00a0\u00bb][vc_column_inner][vc_custom_heading text=\u00a0\u00bbL&rsquo;actu \u00e0 la une\u00a0\u00bb font_container=\u00a0\u00bbtag:h2|text_align:left|color:%23255676&Prime; use_theme_fonts=\u00a0\u00bbyes\u00a0\u00bb css=\u00a0\u00bb.vc_custom_1458313377752{padding-right: 15px !important;padding-left: 15px !important;}\u00a0\u00bb]<div class=\"container\"><div class=\"row\"><div class=\"col-sm-12 item-posts_advocnar\"><img decoding=\"async\" src=\"https:\/\/www.clients.horus-informatique71.fr\/advocnar_backup\/wp-content\/uploads\/2023\/08\/Avion-vert-2.jpg\" class=\"attachment-post-thumbnail size-post-thumbnail wp-post-image\" alt=\"\" srcset=\"https:\/\/www.clients.horus-informatique71.fr\/advocnar_backup\/wp-content\/uploads\/2023\/08\/Avion-vert-2.jpg 1137w, https:\/\/www.clients.horus-informatique71.fr\/advocnar_backup\/wp-content\/uploads\/2023\/08\/Avion-vert-2-300x225.jpg 300w, https:\/\/www.clients.horus-informatique71.fr\/advocnar_backup\/wp-content\/uploads\/2023\/08\/Avion-vert-2-1024x768.jpg 1024w, https:\/\/www.clients.horus-informatique71.fr\/advocnar_backup\/wp-content\/uploads\/2023\/08\/Avion-vert-2-768x576.jpg 768w\" sizes=\"(max-width: 1137px) 100vw, 1137px\" \/><div class=\"info-container\"><div class=\"row line1\"><div class=\"col-xs-3 date\"><span class=\"day\">21<\/span><span class=\"month\">Ao\u00fbt<\/span><span class=\"year\">2023<\/span><\/div><div class=\"col-xs-9\"><h2><a href=\"https:\/\/www.clients.horus-informatique71.fr\/advocnar_backup\/2023\/08\/le-greenwashing-du-secteur-aerien\/\">LE GREENWASHING DU SECTEUR A\u00c9RIEN<\/a><\/h2><\/div><\/div><div class=\"row line2\"><div class=\"col-xs-12 excerpt\">Les solutions pr\u00e9sent\u00e9es par le secteur a\u00e9rien pour r\u00e9duire son empreinte climatique sont discutables, m\u00eame si les investissements sont consid\u00e9rables.Il nous faut admettre qu\u2019aucun<\/div><\/div><\/div><\/div><\/div><\/div>[\/vc_column_inner][\/vc_row_inner][vc_row_inner css=\u00a0\u00bb.vc_custom_1492526467541{margin-top: 40px !important;}\u00a0\u00bb][vc_column_inner][vc_custom_heading text=\u00a0\u00bbLes derni\u00e8res actus\u00a0\u00bb font_container=\u00a0\u00bbtag:h2|text_align:left|color:%23255676&Prime; use_theme_fonts=\u00a0\u00bbyes\u00a0\u00bb css=\u00a0\u00bb.vc_custom_1458313395098{padding-right: 15px !important;padding-left: 15px !important;}\u00a0\u00bb]<div class=\"container list-widget\"><div class=\"row\"><div class=\"col-sm-12 item-posts_advocnar\"><div class=\"info-container\"><div class=\"row line1\"><div class=\"col-xs-12\"><h2><a href=\"https:\/\/www.clients.horus-informatique71.fr\/advocnar_backup\/2023\/06\/tribune-climat-le-salon-du-bourget-signera-t-il-la-necessaire-reduction-du-trafic-aerien\/\">TRIBUNE &#8211; Climat : \u00ab Le Salon du Bourget signera-t-il la n\u00e9cessaire r\u00e9duction du trafic a\u00e9rien ? \u00bb<\/a><\/h2><\/div><\/div><div class=\"row line2\"><div class=\"col-xs-3 date\"><span class=\"day\">17<\/span><span class=\"month\">Juin<\/span><span class=\"year\">2023<\/span><\/div><div class=\"col-xs-9 excerpt\">17.06.2023 &#8211; Le Journal du Dimanche Avant<\/div><\/div><\/div><\/div><div class=\"col-sm-12 item-posts_advocnar\"><div class=\"info-container\"><div class=\"row line1\"><div class=\"col-xs-12\"><h2><a href=\"https:\/\/www.clients.horus-informatique71.fr\/advocnar_backup\/2023\/05\/revue-de-presse-semaine-daction-pour-un-plafonnement-et-un-couvre-feu-des-aeroports-francais-du-9-au-14-mai\/\">Revue de presse &#8211; Semaine d\u2019action pour un plafonnement et un couvre-feu des a\u00e9roports fran\u00e7ais du 9 au 14 mai<\/a><\/h2><\/div><\/div><div class=\"row line2\"><div class=\"col-xs-3 date\"><span class=\"day\">16<\/span><span class=\"month\">Mai<\/span><span class=\"year\">2023<\/span><\/div><div class=\"col-xs-9 excerpt\">NATIONALROISSY, ORLY, LE BOURGET France Info&nbsp;&#8211;<\/div><\/div><\/div><\/div><div class=\"col-sm-12 item-posts_advocnar\"><div class=\"info-container\"><div class=\"row line1\"><div class=\"col-xs-12\"><h2><a href=\"https:\/\/www.clients.horus-informatique71.fr\/advocnar_backup\/2023\/05\/tribune-pour-la-sante-et-le-climat-plus-de-70-associations-environnementales-appellent-a-reduire-progressivement-le-trafic-aerien\/\">TRIBUNE &#8211; Pour la sant\u00e9 et le climat, plus de 70 associations environnementales appellent \u00e0 \u00ab\u00a0r\u00e9duire progressivement le trafic a\u00e9rien\u00a0\u00bb<\/a><\/h2><\/div><\/div><div class=\"row line2\"><div class=\"col-xs-3 date\"><span class=\"day\">9<\/span><span class=\"month\">Mai<\/span><span class=\"year\">2023<\/span><\/div><div class=\"col-xs-9 excerpt\">09.05.2023 &#8211; Franceinfo Lire la tribune sur<\/div><\/div><\/div><\/div><\/div><\/div>[vc_btn title=\u00a0\u00bbVoir toutes les actualit\u00e9s\u00a0\u00bb style=\u00a0\u00bbcustom\u00a0\u00bb custom_background=\u00a0\u00bb#d4d4d4&Prime; custom_text=\u00a0\u00bb#3c3c3c\u00a0\u00bb shape=\u00a0\u00bbsquare\u00a0\u00bb size=\u00a0\u00bbsm\u00a0\u00bb i_align=\u00a0\u00bbright\u00a0\u00bb i_icon_fontawesome=\u00a0\u00bbfa fa-angle-right\u00a0\u00bb add_icon=\u00a0\u00bbtrue\u00a0\u00bb link=\u00a0\u00bburl:https%3A%2F%2Fwww.clients.horus-informatique71.fr%2Fadvocnar_backup%2Fcategory%2Factualites%2F|||\u00a0\u00bb css=\u00a0\u00bb.vc_custom_1493216159946{margin-bottom: 0px !important;}\u00a0\u00bb][\/vc_column_inner][\/vc_row_inner][\/vc_column][vc_column css=\u00a0\u00bb.vc_custom_1476482685305{padding-top: 0px !important;padding-right: 0px !important;padding-left: 0px !important;background-color: #ffffff !important;}\u00a0\u00bb offset=\u00a0\u00bbvc_col-lg-9 vc_col-md-9&Prime;][vc_row_inner css=\u00a0\u00bb.vc_custom_1478464239940{margin-bottom: 0px !important;padding-top: 25px !important;padding-bottom: 25px !important;background-color: #e4e4e4 !important;}\u00a0\u00bb el_class=\u00a0\u00bbno-margin no-padding\u00a0\u00bb][vc_column_inner width=\u00a0\u00bb1\/2&Prime;][vc_single_image image=\u00a0\u00bb73164&Prime; img_size=\u00a0\u00bbfull\u00a0\u00bb alignment=\u00a0\u00bbcenter\u00a0\u00bb onclick=\u00a0\u00bbcustom_link\u00a0\u00bb link=\u00a0\u00bbhttps:\/\/www.clients.horus-informatique71.fr\/advocnar_backup\/adhesion\/\u00a0\u00bb][\/vc_column_inner][vc_column_inner width=\u00a0\u00bb1\/2&Prime;][vc_single_image image=\u00a0\u00bb73163&Prime; img_size=\u00a0\u00bbfull\u00a0\u00bb alignment=\u00a0\u00bbcenter\u00a0\u00bb onclick=\u00a0\u00bbcustom_link\u00a0\u00bb link=\u00a0\u00bbhttps:\/\/www.clients.horus-informatique71.fr\/advocnar_backup\/plaintes\/\u00a0\u00bb][\/vc_column_inner][\/vc_row_inner][vc_row_inner css=\u00a0\u00bb.vc_custom_1493214613777{padding-top: 15px !important;padding-right: 0px !important;padding-bottom: 40px !important;padding-left: 0px !important;background-color: #f3f3f3 !important;}\u00a0\u00bb el_class=\u00a0\u00bbno-margin no-padding\u00a0\u00bb][vc_column_inner width=\u00a0\u00bb1\/4&Prime;][vc_custom_heading text=\u00a0\u00bbNos<br \/>\npartenaires\u00a0\u00bb font_container=\u00a0\u00bbtag:h2|font_size:21|text_align:left|color:%23c10108|line_height:25px\u00a0\u00bb google_fonts=\u00a0\u00bbfont_family:Lato%3A100%2C100italic%2C300%2C300italic%2Cregular%2Citalic%2C700%2C700italic%2C900%2C900italic|font_style:700%20bold%20regular%3A700%3Anormal\u00a0\u00bb][\/vc_column_inner][vc_column_inner width=\u00a0\u00bb3\/4&Prime;][vc_column_text]<div id=\"wondercarousellightbox_options\" data-skinsfoldername=\"\"  data-jsfolder=\"https:\/\/www.clients.horus-informatique71.fr\/advocnar_backup\/wp-content\/plugins\/wonderplugin-carousel\/engine\/\" style=\"display:none;\"><\/div>\r\n<style type=\"text\/css\">@import url(https:\/\/fonts.googleapis.com\/css?family=Open+Sans);  #wonderplugincarousel-2 .amazingcarousel-image {\t \tposition: relative; \tpadding: 0px; }  #wonderplugincarousel-2 .amazingcarousel-image img { \tdisplay: block; \twidth: 100%; \tmax-width: 100%; \tborder: 0; \tmargin: 0; \tpadding: 0; \t-moz-border-radius: 0px; \t-webkit-border-radius: 0px; \tborder-radius: 0px; }  #amazingcarousel-container-CAROUSELID { \tmargin: 32px 48px;  }  #wonderplugincarousel-2 .amazingcarousel-list-container {  \tmargin: 16px 0; }   #wonderplugincarousel-2 .amazingcarousel-item-container { \ttext-align: center; \tpadding: 0px; }  #wonderplugincarousel-2 .amazingcarousel-item-container:hover { \topacity: 0.7; \tfilter: alpha(opacity=70); }  #wonderplugincarousel-2 .amazingcarousel-prev { \tleft: 0%; \ttop: 50%; \tmargin-left: 0px; \tmargin-top: -30px; }  #wonderplugincarousel-2 .amazingcarousel-next { \tright: 0%; \ttop: 50%; \tmargin-right: 0px; \tmargin-top: -30px; }  #wonderplugincarousel-2 .amazingcarousel-nav { \tposition: absolute; \twidth: 100%; \ttop: 100%; }  #wonderplugincarousel-2 .amazingcarousel-bullet-wrapper { \tmargin: 4px auto; }<\/style><div class=\"wonderplugincarousel-container\" id=\"wonderplugincarousel-container-2\"><div class=\"wonderplugincarousel\" id=\"wonderplugincarousel-2\" data-carouselid=\"2\" data-width=\"240\" data-height=\"50\" data-skin=\"flow\" data-sameheight=\"true\" data-sameheightresponsive=\"false\" data-centerimage=\"true\" data-fixaspectratio=\"true\" data-autoplay=\"true\" data-random=\"false\" data-circular=\"true\" data-pauseonmouseover=\"true\" data-continuous=\"true\" data-responsive=\"true\" data-showhoveroverlay=\"false\" data-showhoveroverlayalways=\"false\" data-hidehoveroverlayontouch=\"false\" data-lightboxresponsive=\"true\" data-lightboxshownavigation=\"false\" data-lightboxnogroup=\"false\" data-lightboxshowtitle=\"true\" data-lightboxshowdescription=\"false\" data-usescreenquery=\"false\" data-donotinit=\"false\" data-addinitscript=\"false\" data-doshortcodeontext=\"false\" data-showplayvideo=\"true\" data-triggerresize=\"false\" data-lightboxfullscreenmode=\"false\" data-lightboxcloseonoverlay=\"true\" data-lightboxvideohidecontrols=\"false\" data-lightboxautoslide=\"false\" data-lightboxshowtimer=\"true\" data-lightboxshowplaybutton=\"true\" data-lightboxalwaysshownavarrows=\"false\" data-lightboxshowtitleprefix=\"true\" data-spacing=\"80\" data-rownumber=\"1\" data-visibleitems=\"5\" data-arrowstyle=\"none\" data-arrowimage=\"arrows-42-60-0.png\" data-arrowwidth=\"42\" data-arrowheight=\"60\" data-navstyle=\"none\" data-navimage=\"bullet-16-16-1.png\" data-navwidth=\"16\" data-navheight=\"16\" data-navspacing=\"8\" data-hoveroverlayimage=\"hoveroverlay-64-64-4.png\" data-lightboxthumbwidth=\"90\" data-lightboxthumbheight=\"60\" data-lightboxthumbtopmargin=\"12\" data-lightboxthumbbottommargin=\"4\" data-lightboxbarheight=\"64\" data-lightboxtitlebottomcss=\"{color:#333; font-size:14px; font-family:Armata,sans-serif,Arial; overflow:hidden; text-align:left;}\" data-lightboxdescriptionbottomcss=\"{color:#333; font-size:12px; font-family:Arial,Helvetica,sans-serif; overflow:hidden; text-align:left; margin:4px 0px 0px; padding: 0px;}\" data-continuousduration=\"7000\" data-scrollmode=\"item\" data-interval=\"3000\" data-transitionduration=\"1000\" data-lightboxtitlestyle=\"bottom\" data-lightboximagepercentage=\"75\" data-lightboxdefaultvideovolume=\"1\" data-lightboxoverlaybgcolor=\"#000\" data-lightboxoverlayopacity=\"0.9\" data-lightboxbgcolor=\"#fff\" data-lightboxtitleprefix=\"%NUM \/ %TOTAL\" data-lightboxtitleinsidecss=\"color:#fff; font-size:16px; font-family:Arial,Helvetica,sans-serif; overflow:hidden; text-align:left;\" data-lightboxdescriptioninsidecss=\"color:#fff; font-size:12px; font-family:Arial,Helvetica,sans-serif; overflow:hidden; text-align:left; margin:4px 0px 0px; padding: 0px;\" data-playvideoimage=\"playvideo-64-64-0.png\" data-playvideoimagepos=\"center\" data-sameheightmediumscreen=\"769\" data-sameheightmediumheight=\"180\" data-sameheightsmallscreen=\"415\" data-sameheightsmallheight=\"140\" data-triggerresizedelay=\"100\" data-lightboxslideinterval=\"5000\" data-lightboxtimerposition=\"bottom\" data-lightboxtimercolor=\"#dc572e\" data-lightboxtimeropacity=\"1\" data-lightboxbordersize=\"8\" data-lightboxborderradius=\"0\" data-screenquery='{ \"tablet\": { \"screenwidth\": 900, \"visibleitems\": 2 }, \"mobile\": { \"screenwidth\": 600, \"visibleitems\": 1 } }' data-jsfolder=\"https:\/\/www.clients.horus-informatique71.fr\/advocnar_backup\/wp-content\/plugins\/wonderplugin-carousel\/engine\/\" style=\"display:none;position:relative;margin:0 auto;width:100%;max-width:1200px;\" ><div class=\"amazingcarousel-list-container\" style=\"overflow:hidden;\"><ul class=\"amazingcarousel-list\"><li class=\"amazingcarousel-item\"><div class=\"amazingcarousel-item-container\"><div class=\"amazingcarousel-image\"><a href=\"https:\/\/www.clients.horus-informatique71.fr\/advocnar_backup\/wp-content\/uploads\/2023\/10\/Logo-mairie-de-St-Prix.png\" title=\"Logo mairie de St Prix\" data-thumbnail=\"https:\/\/www.clients.horus-informatique71.fr\/advocnar_backup\/wp-content\/uploads\/2023\/10\/Logo-mairie-de-St-Prix-150x150.png\" class=\"wondercarousellightbox wondercarousellightbox-2\" data-group=\"wondercarousellightbox-2\"><img decoding=\"async\" src=\"https:\/\/www.clients.horus-informatique71.fr\/advocnar_backup\/wp-content\/uploads\/2023\/10\/Logo-mairie-de-St-Prix.png\" alt=\"Logo mairie de St Prix\" data-description=\"\" \/><\/a><\/div><\/div><\/li><li class=\"amazingcarousel-item\"><div class=\"amazingcarousel-item-container\"><div class=\"amazingcarousel-image\"><a href=\"http:\/\/www.bruitparif.fr\/\" target=\"_blank\"><img decoding=\"async\" src=\"https:\/\/www.clients.horus-informatique71.fr\/advocnar_prod\/wp-content\/uploads\/2016\/10\/logo-bruit-parif.jpg\" alt=\"advocnar-logo\" data-description=\"\" \/><\/a><\/div><\/div><\/li><li class=\"amazingcarousel-item\"><div class=\"amazingcarousel-item-container\"><div class=\"amazingcarousel-image\"><img decoding=\"async\" src=\"https:\/\/www.clients.horus-informatique71.fr\/advocnar_prod\/wp-content\/uploads\/2016\/10\/logo-convergence-associative.jpg\" alt=\"\" data-description=\"\" \/><\/div><\/div><\/li><li class=\"amazingcarousel-item\"><div class=\"amazingcarousel-item-container\"><div class=\"amazingcarousel-image\"><a href=\"https:\/\/fne-idf.fr\/\" target=\"_blank\"><img decoding=\"async\" src=\"https:\/\/www.clients.horus-informatique71.fr\/advocnar_prod\/wp-content\/uploads\/2018\/07\/logo_site_fne-idf.jpg\" alt=\"logo site fne idf\" data-description=\"\" \/><\/a><\/div><\/div><\/li><li class=\"amazingcarousel-item\"><div class=\"amazingcarousel-item-container\"><div class=\"amazingcarousel-image\"><img decoding=\"async\" src=\"https:\/\/www.clients.horus-informatique71.fr\/advocnar_prod\/wp-content\/uploads\/2016\/10\/logo-rassemblement-pour-la-planete.jpg\" alt=\"\" data-description=\"\" \/><\/div><\/div><\/li><li class=\"amazingcarousel-item\"><div class=\"amazingcarousel-item-container\"><div class=\"amazingcarousel-image\"><a href=\"https:\/\/www.uecna.eu\/\" target=\"_blank\"><img decoding=\"async\" src=\"https:\/\/www.clients.horus-informatique71.fr\/advocnar_prod\/wp-content\/uploads\/2016\/10\/logo-uecna.jpg\" alt=\"\" data-description=\"\" \/><\/a><\/div><\/div><\/li><li class=\"amazingcarousel-item\"><div class=\"amazingcarousel-item-container\"><div class=\"amazingcarousel-image\"><a href=\"https:\/\/www.clients.horus-informatique71.fr\/advocnar_prod\/wp-content\/uploads\/2016\/10\/logo-ufcna.jpg\" title=\"html5-color\" data-thumbnail=\"https:\/\/www.clients.horus-informatique71.fr\/advocnar_prod\/wp-content\/uploads\/2016\/10\/logo-ufcna.jpg\" class=\"wondercarousellightbox wondercarousellightbox-2\" data-group=\"wondercarousellightbox-2\"><img decoding=\"async\" src=\"https:\/\/www.clients.horus-informatique71.fr\/advocnar_prod\/wp-content\/uploads\/2016\/10\/logo-ufcna.jpg\" alt=\"html5-color\" data-description=\"\" \/><\/a><\/div><\/div><\/li><li class=\"amazingcarousel-item\"><div class=\"amazingcarousel-item-container\"><div class=\"amazingcarousel-image\"><a href=\"http:\/\/www.bruitparif.fr\/\" target=\"_blank\"><img decoding=\"async\" src=\"https:\/\/www.clients.horus-informatique71.fr\/advocnar_prod\/wp-content\/uploads\/2016\/10\/logo-bruit-parif.jpg\" alt=\"vimeo-color\" data-description=\"\" \/><\/a><\/div><\/div><\/li><li class=\"amazingcarousel-item\"><div class=\"amazingcarousel-item-container\"><div class=\"amazingcarousel-image\"><img decoding=\"async\" src=\"https:\/\/www.clients.horus-informatique71.fr\/advocnar_prod\/wp-content\/uploads\/2016\/10\/logo-convergence-associative.jpg\" alt=\"\" data-description=\"\" \/><\/div><\/div><\/li><li class=\"amazingcarousel-item\"><div class=\"amazingcarousel-item-container\"><div class=\"amazingcarousel-image\"><a href=\"http:\/\/fne-idf.fr\/\" target=\"_blank\"><img decoding=\"async\" src=\"https:\/\/www.clients.horus-informatique71.fr\/advocnar_prod\/wp-content\/uploads\/2016\/10\/logo-france-nature-environnement-idf.jpg\" alt=\"\" data-description=\"\" \/><\/a><\/div><\/div><\/li><li class=\"amazingcarousel-item\"><div class=\"amazingcarousel-item-container\"><div class=\"amazingcarousel-image\"><img decoding=\"async\" src=\"https:\/\/www.clients.horus-informatique71.fr\/advocnar_prod\/wp-content\/uploads\/2016\/10\/logo-rassemblement-pour-la-planete.jpg\" alt=\"\" data-description=\"\" \/><\/div><\/div><\/li><\/ul><div class=\"amazingcarousel-prev\"><\/div><div class=\"amazingcarousel-next\"><\/div><\/div><div class=\"amazingcarousel-nav\"><\/div><div class=\"wonderplugin-engine\"><a href=\"http:\/\/www.wonderplugin.com\/wordpress-carousel\/\" title=\"WordPress Image Scroller\">WordPress Image Scroller<\/a><\/div><\/div><\/div>[\/vc_column_text][\/vc_column_inner][\/vc_row_inner][vc_row_inner][vc_column_inner width=\u00a0\u00bb1\/2&Prime;][vc_custom_heading text=\u00a0\u00bbLes derniers \u00e9v\u00e8nements\u00a0\u00bb font_container=\u00a0\u00bbtag:h2|font_size:23px|text_align:left|color:%23255676|line_height:26px\u00a0\u00bb google_fonts=\u00a0\u00bbfont_family:Open%20Sans%3A300%2C300italic%2Cregular%2Citalic%2C600%2C600italic%2C700%2C700italic%2C800%2C800italic|font_style:600%20bold%20regular%3A600%3Anormal\u00a0\u00bb css=\u00a0\u00bb.vc_custom_1493215737394{padding-right: 15px !important;padding-left: 15px !important;}\u00a0\u00bb][\/vc_column_inner][vc_column_inner width=\u00a0\u00bb1\/2&Prime;][vc_btn title=\u00a0\u00bbVoir tous les \u00e9v\u00e8nements\u00a0\u00bb style=\u00a0\u00bbcustom\u00a0\u00bb custom_background=\u00a0\u00bb#ffffff\u00a0\u00bb custom_text=\u00a0\u00bb#666666&Prime; shape=\u00a0\u00bbsquare\u00a0\u00bb size=\u00a0\u00bbsm\u00a0\u00bb align=\u00a0\u00bbright\u00a0\u00bb i_align=\u00a0\u00bbright\u00a0\u00bb i_icon_fontawesome=\u00a0\u00bbfa fa-angle-right\u00a0\u00bb add_icon=\u00a0\u00bbtrue\u00a0\u00bb link=\u00a0\u00bburl:https%3A%2F%2Fwww.clients.horus-informatique71.fr%2Fadvocnar_backup%2Fcategory%2Fevenements%2F|||\u00a0\u00bb css=\u00a0\u00bb.vc_custom_1493216125444{margin-bottom: 0px !important;}\u00a0\u00bb][\/vc_column_inner][\/vc_row_inner][vc_row_inner][vc_column_inner]<div class=\"container home-events\"><ul class=\"large-block-grid-3 small-block-grid-3 block-grid-1\"><li class=\"item-posts_advocnar\"><img decoding=\"async\" src=\"https:\/\/www.clients.horus-informatique71.fr\/advocnar_backup\/wp-content\/uploads\/2023\/09\/Forums-2023.jpg\" class=\"attachment-post-thumbnail size-post-thumbnail wp-post-image\" alt=\"\" srcset=\"https:\/\/www.clients.horus-informatique71.fr\/advocnar_backup\/wp-content\/uploads\/2023\/09\/Forums-2023.jpg 772w, https:\/\/www.clients.horus-informatique71.fr\/advocnar_backup\/wp-content\/uploads\/2023\/09\/Forums-2023-300x225.jpg 300w, https:\/\/www.clients.horus-informatique71.fr\/advocnar_backup\/wp-content\/uploads\/2023\/09\/Forums-2023-768x576.jpg 768w\" sizes=\"(max-width: 772px) 100vw, 772px\" \/><div class=\"info-container equal-height-grid-home\"><div class=\"row line1\"><div class=\"col-xs-3 date\"><span class=\"day\">1<\/span><span class=\"month\">Sep<\/span><span class=\"year\">2023<\/span><\/div><div class=\"col-xs-9\"><h2><a href=\"https:\/\/www.clients.horus-informatique71.fr\/advocnar_backup\/2023\/09\/forums-des-associations-2023\/\">FORUMS DES ASSOCIATIONS 2023<\/a><\/h2><\/div><\/div><div class=\"row line2\"><div class=\"col-xs-12 excerpt\"><p>Les forums des associations se d\u00e9roulent sur deux week-ends cons\u00e9cutifs, un moment privil\u00e9gi\u00e9 pour nous rencontrer. Les nuisances a\u00e9riennes ne sont pas une fatalit\u00e9 ! L&rsquo;ADVOCNAR sera<\/p><a href=\"https:\/\/www.clients.horus-informatique71.fr\/advocnar_backup\/2023\/09\/forums-des-associations-2023\/\">Lire la suite<\/a><\/div><\/div><\/div><\/li><li class=\"item-posts_advocnar\"><img decoding=\"async\" src=\"https:\/\/www.clients.horus-informatique71.fr\/advocnar_backup\/wp-content\/uploads\/2022\/07\/Travaux-piste-1.png\" class=\"attachment-post-thumbnail size-post-thumbnail wp-post-image\" alt=\"\" srcset=\"https:\/\/www.clients.horus-informatique71.fr\/advocnar_backup\/wp-content\/uploads\/2022\/07\/Travaux-piste-1.png 604w, https:\/\/www.clients.horus-informatique71.fr\/advocnar_backup\/wp-content\/uploads\/2022\/07\/Travaux-piste-1-300x225.png 300w\" sizes=\"(max-width: 604px) 100vw, 604px\" \/><div class=\"info-container equal-height-grid-home\"><div class=\"row line1\"><div class=\"col-xs-3 date\"><span class=\"day\">9<\/span><span class=\"month\">Juil<\/span><span class=\"year\">2023<\/span><\/div><div class=\"col-xs-9\"><h2><a href=\"https:\/\/www.clients.horus-informatique71.fr\/advocnar_backup\/2023\/07\/roissy-fermeture-de-la-piste-1-pour-travaux-du-17-juillet-au-6-novembre-2023\/\">Roissy : Fermeture de la piste 1 pour travaux du 17 juillet au 6 novembre 2023<\/a><\/h2><\/div><\/div><div class=\"row line2\"><div class=\"col-xs-12 excerpt\"><p>Informations fournies par ADP Comme l&rsquo;an dernier \u00e0 la m\u00eame p\u00e9riode, ADP poursuit la r\u00e9fection de la piste 1, l&rsquo;une des pistes du doublet nord de Paris-Charles de Gaulle, \u00e0 compter du<\/p><a href=\"https:\/\/www.clients.horus-informatique71.fr\/advocnar_backup\/2023\/07\/roissy-fermeture-de-la-piste-1-pour-travaux-du-17-juillet-au-6-novembre-2023\/\">Lire la suite<\/a><\/div><\/div><\/div><\/li><li class=\"item-posts_advocnar\"><img decoding=\"async\" src=\"https:\/\/www.clients.horus-informatique71.fr\/advocnar_backup\/wp-content\/uploads\/2023\/06\/Communique-19-associations.jpg\" class=\"attachment-post-thumbnail size-post-thumbnail wp-post-image\" alt=\"\" srcset=\"https:\/\/www.clients.horus-informatique71.fr\/advocnar_backup\/wp-content\/uploads\/2023\/06\/Communique-19-associations.jpg 916w, https:\/\/www.clients.horus-informatique71.fr\/advocnar_backup\/wp-content\/uploads\/2023\/06\/Communique-19-associations-300x225.jpg 300w, https:\/\/www.clients.horus-informatique71.fr\/advocnar_backup\/wp-content\/uploads\/2023\/06\/Communique-19-associations-768x576.jpg 768w\" sizes=\"(max-width: 916px) 100vw, 916px\" \/><div class=\"info-container equal-height-grid-home\"><div class=\"row line1\"><div class=\"col-xs-3 date\"><span class=\"day\">30<\/span><span class=\"month\">Juin<\/span><span class=\"year\">2023<\/span><\/div><div class=\"col-xs-9\"><h2><a href=\"https:\/\/www.clients.horus-informatique71.fr\/advocnar_backup\/2023\/06\/communique-adoption-du-ppbe-de-roissy-colere-des-associations-et-des-riverains\/\">[COMMUNIQU\u00c9] Adoption du PPBE de Roissy : Col\u00e8re des associations et des...<\/a><\/h2><\/div><\/div><div class=\"row line2\"><div class=\"col-xs-12 excerpt\"><p>COMMUNIQU\u00c9 Le Plan de Pr\u00e9vention du Bruit dans l\u2019Environnement de Roissy approuv\u00e9 ce 8 juin ne r\u00e9duira pas la pollution sonore pour les populations survol\u00e9es&nbsp;:Col\u00e8re des associations et<\/p><a href=\"https:\/\/www.clients.horus-informatique71.fr\/advocnar_backup\/2023\/06\/communique-adoption-du-ppbe-de-roissy-colere-des-associations-et-des-riverains\/\">Lire la suite<\/a><\/div><\/div><\/div><\/li><li class=\"item-posts_advocnar\"><img decoding=\"async\" src=\"https:\/\/www.clients.horus-informatique71.fr\/advocnar_backup\/wp-content\/uploads\/2023\/05\/2023-05-09-manif-plafonnement-trafic-aerien-benoit-derouet-3717-2-scaled.jpg\" class=\"attachment-post-thumbnail size-post-thumbnail wp-post-image\" alt=\"\" srcset=\"https:\/\/www.clients.horus-informatique71.fr\/advocnar_backup\/wp-content\/uploads\/2023\/05\/2023-05-09-manif-plafonnement-trafic-aerien-benoit-derouet-3717-2-scaled.jpg 2560w, https:\/\/www.clients.horus-informatique71.fr\/advocnar_backup\/wp-content\/uploads\/2023\/05\/2023-05-09-manif-plafonnement-trafic-aerien-benoit-derouet-3717-2-300x225.jpg 300w, https:\/\/www.clients.horus-informatique71.fr\/advocnar_backup\/wp-content\/uploads\/2023\/05\/2023-05-09-manif-plafonnement-trafic-aerien-benoit-derouet-3717-2-1024x768.jpg 1024w, https:\/\/www.clients.horus-informatique71.fr\/advocnar_backup\/wp-content\/uploads\/2023\/05\/2023-05-09-manif-plafonnement-trafic-aerien-benoit-derouet-3717-2-768x576.jpg 768w, https:\/\/www.clients.horus-informatique71.fr\/advocnar_backup\/wp-content\/uploads\/2023\/05\/2023-05-09-manif-plafonnement-trafic-aerien-benoit-derouet-3717-2-1536x1152.jpg 1536w, https:\/\/www.clients.horus-informatique71.fr\/advocnar_backup\/wp-content\/uploads\/2023\/05\/2023-05-09-manif-plafonnement-trafic-aerien-benoit-derouet-3717-2-2048x1536.jpg 2048w\" sizes=\"(max-width: 2560px) 100vw, 2560px\" \/><div class=\"info-container equal-height-grid-home\"><div class=\"row line1\"><div class=\"col-xs-3 date\"><span class=\"day\">10<\/span><span class=\"month\">Mai<\/span><span class=\"year\">2023<\/span><\/div><div class=\"col-xs-9\"><h2><a href=\"https:\/\/www.clients.horus-informatique71.fr\/advocnar_backup\/2023\/05\/mobilisation-historique-des-elus-en-faveur-dun-plafonnement-et-dun-couvre-feu-des-aeroports-dile-de-france\/\">Mobilisation historique des \u00e9lus en faveur d\u2019un plafonnement et d\u2019un...<\/a><\/h2><\/div><\/div><div class=\"row line2\"><div class=\"col-xs-12 excerpt\"><p>COMMUNIQU\u00c9 Plus de 300 \u00e9lus dont une cinquantaine pr\u00e9sents le 9 mai devant le Minist\u00e8re des transports le 9 mai demandent \u00e0 Cl\u00e9ment Beaune un plafonnement et un couvre-feu de Roissy et des<\/p><a href=\"https:\/\/www.clients.horus-informatique71.fr\/advocnar_backup\/2023\/05\/mobilisation-historique-des-elus-en-faveur-dun-plafonnement-et-dun-couvre-feu-des-aeroports-dile-de-france\/\">Lire la suite<\/a><\/div><\/div><\/div><\/li><li class=\"item-posts_advocnar\"><img decoding=\"async\" src=\"https:\/\/www.clients.horus-informatique71.fr\/advocnar_backup\/wp-content\/uploads\/2023\/04\/9-mai-2023-Paris-site.jpg\" class=\"attachment-post-thumbnail size-post-thumbnail wp-post-image\" alt=\"\" srcset=\"https:\/\/www.clients.horus-informatique71.fr\/advocnar_backup\/wp-content\/uploads\/2023\/04\/9-mai-2023-Paris-site.jpg 789w, https:\/\/www.clients.horus-informatique71.fr\/advocnar_backup\/wp-content\/uploads\/2023\/04\/9-mai-2023-Paris-site-300x225.jpg 300w, https:\/\/www.clients.horus-informatique71.fr\/advocnar_backup\/wp-content\/uploads\/2023\/04\/9-mai-2023-Paris-site-768x576.jpg 768w\" sizes=\"(max-width: 789px) 100vw, 789px\" \/><div class=\"info-container equal-height-grid-home\"><div class=\"row line1\"><div class=\"col-xs-3 date\"><span class=\"day\">8<\/span><span class=\"month\">Mai<\/span><span class=\"year\">2023<\/span><\/div><div class=\"col-xs-9\"><h2><a href=\"https:\/\/www.clients.horus-informatique71.fr\/advocnar_backup\/2023\/05\/mobilisation-a-paris-le-9-mai-2023-pour-le-plafonnement-de-roissy-orly-le-bourget-et-les-aeroports-franciliens\/\">Mobilisation \u00e0 PARIS le 9 mai 2023 pour le plafonnement de Roissy, Orly, le...<\/a><\/h2><\/div><\/div><div class=\"row line2\"><div class=\"col-xs-12 excerpt\"><p>Avec le collectif Non au T4 et l&rsquo;association d&rsquo;\u00e9lus locaux C.E.C.C.T4 (Collectif d\u2019\u00e9lus pour le climat et contre le Terminal 4), nous organisons une mobilisation \u00e0 Paris le 9 mai<\/p><a href=\"https:\/\/www.clients.horus-informatique71.fr\/advocnar_backup\/2023\/05\/mobilisation-a-paris-le-9-mai-2023-pour-le-plafonnement-de-roissy-orly-le-bourget-et-les-aeroports-franciliens\/\">Lire la suite<\/a><\/div><\/div><\/div><\/li><li class=\"item-posts_advocnar\"><img decoding=\"async\" src=\"https:\/\/www.clients.horus-informatique71.fr\/advocnar_backup\/wp-content\/uploads\/2023\/04\/Petition-plafonnement-Roissy.jpg\" class=\"attachment-post-thumbnail size-post-thumbnail wp-post-image\" alt=\"\" srcset=\"https:\/\/www.clients.horus-informatique71.fr\/advocnar_backup\/wp-content\/uploads\/2023\/04\/Petition-plafonnement-Roissy.jpg 859w, https:\/\/www.clients.horus-informatique71.fr\/advocnar_backup\/wp-content\/uploads\/2023\/04\/Petition-plafonnement-Roissy-300x225.jpg 300w, https:\/\/www.clients.horus-informatique71.fr\/advocnar_backup\/wp-content\/uploads\/2023\/04\/Petition-plafonnement-Roissy-768x576.jpg 768w\" sizes=\"(max-width: 859px) 100vw, 859px\" \/><div class=\"info-container equal-height-grid-home\"><div class=\"row line1\"><div class=\"col-xs-3 date\"><span class=\"day\">4<\/span><span class=\"month\">Mai<\/span><span class=\"year\">2023<\/span><\/div><div class=\"col-xs-9\"><h2><a href=\"https:\/\/www.clients.horus-informatique71.fr\/advocnar_backup\/2023\/05\/petition-comme-a-amsterdam-le-trafic-aerien-a-roissy-doit-etre-plafonne-pour-la-sante-et-le-climat\/\">P\u00c9TITION : Comme \u00e0 Amsterdam, le trafic a\u00e9rien \u00e0 Roissy doit \u00eatre...<\/a><\/h2><\/div><\/div><div class=\"row line2\"><div class=\"col-xs-12 excerpt\"><p>Destinataire(s) : A l\u2019attention de Mme Elisabeth Borne (Premi\u00e8re Ministre), M. Cl\u00e9ment Beaune (Ministre d\u00e9l\u00e9gu\u00e9 charg\u00e9 des transports) et M. Christophe B\u00e9chu (Ministre de la transition<\/p><a href=\"https:\/\/www.clients.horus-informatique71.fr\/advocnar_backup\/2023\/05\/petition-comme-a-amsterdam-le-trafic-aerien-a-roissy-doit-etre-plafonne-pour-la-sante-et-le-climat\/\">Lire la suite<\/a><\/div><\/div><\/div><\/li><\/ul><\/div>[\/vc_column_inner][\/vc_row_inner][\/vc_column][vc_column offset=\u00a0\u00bbvc_hidden-lg vc_hidden-md\u00a0\u00bb el_class=\u00a0\u00bbsidebar-container\u00a0\u00bb css=\u00a0\u00bb.vc_custom_1483977555934{margin-top: 25px !important;}\u00a0\u00bb][vc_row_inner][vc_column_inner][vc_column_text css=\u00a0\u00bb.vc_custom_1483710260223{margin-top: 20px !important;}\u00a0\u00bb]<div class=\"complaints-count\">\n    <span>117241<\/span> plaintes\n<\/div>[\/vc_column_text][vc_custom_heading text=\u00a0\u00bbL&rsquo;actu \u00e0 la une\u00a0\u00bb font_container=\u00a0\u00bbtag:h2|text_align:left|color:%23255676&Prime; use_theme_fonts=\u00a0\u00bbyes\u00a0\u00bb css=\u00a0\u00bb.vc_custom_1458313377752{padding-right: 15px !important;padding-left: 15px !important;}\u00a0\u00bb]<div class=\"container\"><div class=\"row\"><div class=\"col-sm-12 item-posts_advocnar\"><img decoding=\"async\" src=\"https:\/\/www.clients.horus-informatique71.fr\/advocnar_backup\/wp-content\/uploads\/2023\/08\/Avion-vert-2.jpg\" class=\"attachment-post-thumbnail size-post-thumbnail wp-post-image\" alt=\"\" srcset=\"https:\/\/www.clients.horus-informatique71.fr\/advocnar_backup\/wp-content\/uploads\/2023\/08\/Avion-vert-2.jpg 1137w, https:\/\/www.clients.horus-informatique71.fr\/advocnar_backup\/wp-content\/uploads\/2023\/08\/Avion-vert-2-300x225.jpg 300w, https:\/\/www.clients.horus-informatique71.fr\/advocnar_backup\/wp-content\/uploads\/2023\/08\/Avion-vert-2-1024x768.jpg 1024w, https:\/\/www.clients.horus-informatique71.fr\/advocnar_backup\/wp-content\/uploads\/2023\/08\/Avion-vert-2-768x576.jpg 768w\" sizes=\"(max-width: 1137px) 100vw, 1137px\" \/><div class=\"info-container\"><div class=\"row line1\"><div class=\"col-xs-3 date\"><span class=\"day\">21<\/span><span class=\"month\">Ao\u00fbt<\/span><span class=\"year\">2023<\/span><\/div><div class=\"col-xs-9\"><h2><a href=\"https:\/\/www.clients.horus-informatique71.fr\/advocnar_backup\/2023\/08\/le-greenwashing-du-secteur-aerien\/\">LE GREENWASHING DU SECTEUR A\u00c9RIEN<\/a><\/h2><\/div><\/div><div class=\"row line2\"><div class=\"col-xs-12 excerpt\">Les solutions pr\u00e9sent\u00e9es par le secteur a\u00e9rien pour r\u00e9duire son empreinte climatique sont discutables, m\u00eame si les investissements sont consid\u00e9rables.Il nous faut admettre qu\u2019aucun<\/div><\/div><\/div><\/div><\/div><\/div>[\/vc_column_inner][\/vc_row_inner][vc_row_inner][vc_column_inner][vc_custom_heading text=\u00a0\u00bbLes derni\u00e8res actus\u00a0\u00bb font_container=\u00a0\u00bbtag:h2|text_align:left|color:%23255676&Prime; use_theme_fonts=\u00a0\u00bbyes\u00a0\u00bb css=\u00a0\u00bb.vc_custom_1458313395098{padding-right: 15px !important;padding-left: 15px !important;}\u00a0\u00bb]<div class=\"container list-widget\"><div class=\"row\"><div class=\"col-sm-12 item-posts_advocnar\"><div class=\"info-container\"><div class=\"row line1\"><div class=\"col-xs-12\"><h2><a href=\"https:\/\/www.clients.horus-informatique71.fr\/advocnar_backup\/2023\/06\/tribune-climat-le-salon-du-bourget-signera-t-il-la-necessaire-reduction-du-trafic-aerien\/\">TRIBUNE &#8211; Climat : \u00ab Le Salon du Bourget signera-t-il la n\u00e9cessaire r\u00e9duction du trafic a\u00e9rien ? \u00bb<\/a><\/h2><\/div><\/div><div class=\"row line2\"><div class=\"col-xs-3 date\"><span class=\"day\">17<\/span><span class=\"month\">Juin<\/span><span class=\"year\">2023<\/span><\/div><div class=\"col-xs-9 excerpt\">17.06.2023 &#8211; Le Journal du Dimanche Avant<\/div><\/div><\/div><\/div><div class=\"col-sm-12 item-posts_advocnar\"><div class=\"info-container\"><div class=\"row line1\"><div class=\"col-xs-12\"><h2><a href=\"https:\/\/www.clients.horus-informatique71.fr\/advocnar_backup\/2023\/05\/revue-de-presse-semaine-daction-pour-un-plafonnement-et-un-couvre-feu-des-aeroports-francais-du-9-au-14-mai\/\">Revue de presse &#8211; Semaine d\u2019action pour un plafonnement et un couvre-feu des a\u00e9roports fran\u00e7ais du 9 au 14 mai<\/a><\/h2><\/div><\/div><div class=\"row line2\"><div class=\"col-xs-3 date\"><span class=\"day\">16<\/span><span class=\"month\">Mai<\/span><span class=\"year\">2023<\/span><\/div><div class=\"col-xs-9 excerpt\">NATIONALROISSY, ORLY, LE BOURGET France Info&nbsp;&#8211;<\/div><\/div><\/div><\/div><div class=\"col-sm-12 item-posts_advocnar\"><div class=\"info-container\"><div class=\"row line1\"><div class=\"col-xs-12\"><h2><a href=\"https:\/\/www.clients.horus-informatique71.fr\/advocnar_backup\/2023\/05\/tribune-pour-la-sante-et-le-climat-plus-de-70-associations-environnementales-appellent-a-reduire-progressivement-le-trafic-aerien\/\">TRIBUNE &#8211; Pour la sant\u00e9 et le climat, plus de 70 associations environnementales appellent \u00e0 \u00ab\u00a0r\u00e9duire progressivement le trafic a\u00e9rien\u00a0\u00bb<\/a><\/h2><\/div><\/div><div class=\"row line2\"><div class=\"col-xs-3 date\"><span class=\"day\">9<\/span><span class=\"month\">Mai<\/span><span class=\"year\">2023<\/span><\/div><div class=\"col-xs-9 excerpt\">09.05.2023 &#8211; Franceinfo Lire la tribune sur<\/div><\/div><\/div><\/div><\/div><\/div>[\/vc_column_inner][\/vc_row_inner][\/vc_column][\/vc_row]<\/p>\n","protected":false},"excerpt":{"rendered":"<p>[vc_row type=\u00a0\u00bbfull_page_width\u00a0\u00bb padding_top=\u00a0\u00bb\u00a0\u00bb padding_bottom=\u00a0\u00bb\u00a0\u00bb bg_type=\u00a0\u00bbtheme_default\u00a0\u00bb bg_grad=\u00a0\u00bbbackground: -webkit-gradient(linear, left top, left bottom, color-stop(0%, #FBFBFB), color-stop(50%, #E3E3E3), color-stop(100%, #C2C2C2));background: -moz-linear-gradient(top,#FBFBFB 0%,#E3E3E3 50%,#C2C2C2 100%);background: -webkit-linear-gradient(top,#FBFBFB 0%,#E3E3E3 50%,#C2C2C2 100%);background: -o-linear-gradient(top,#FBFBFB 0%,#E3E3E3 50%,#C2C2C2 100%);background: -ms-linear-gradient(top,#FBFBFB 0%,#E3E3E3 50%,#C2C2C2 100%);background: linear-gradient(top,#FBFBFB 0%,#E3E3E3 50%,#C2C2C2 100%);\u00a0\u00bb parallax_style=\u00a0\u00bbvcpb-default\u00a0\u00bb bg_image_repeat=\u00a0\u00bbno-repeat\u00a0\u00bb bg_image_size=\u00a0\u00bbcover\u00a0\u00bb bg_img_attach=\u00a0\u00bbfixed\u00a0\u00bb parallax_sense=\u00a0\u00bb30&Prime; bg_override=\u00a0\u00bb0&Prime; css=\u00a0\u00bb.vc_custom_1456741077606{margin-top: 0px !important;margin-bottom: 0px !important;background-color: #5081a1 !important;}\u00a0\u00bb viewport_vdo=\u00a0\u00bbviewport_play\u00a0\u00bb enable_controls=\u00a0\u00bbdisplay_control\u00a0\u00bb el_class=\u00a0\u00bbno-padding no-margin\u00a0\u00bb][vc_column width=\u00a0\u00bb1\/4&Prime; [&hellip;]<\/p>\n","protected":false},"author":18,"featured_media":0,"parent":0,"menu_order":0,"comment_status":"closed","ping_status":"closed","template":"template-home-default.php","meta":{"footnotes":""},"yoast_head":"<!-- This site is optimized with the Yoast SEO plugin v22.0 - https:\/\/yoast.com\/wordpress\/plugins\/seo\/ -->\n<title>ADVOCNAR - R\u00e9duire de fa\u00e7on significative les nuisances a\u00e9riennes<\/title>\n<meta name=\"description\" content=\"ADVOCNAR d\u00e9fend les populations victimes des nuisances a\u00e9riennes. Bruit et pollution chimique du trafic a\u00e9rien : un v\u00e9ritable probl\u00e8me de sant\u00e9 publique !\" \/>\n<meta name=\"robots\" content=\"index, follow, max-snippet:-1, max-image-preview:large, max-video-preview:-1\" \/>\n<link rel=\"canonical\" href=\"https:\/\/www.clients.horus-informatique71.fr\/advocnar_backup\/\" \/>\n<meta property=\"og:locale\" content=\"fr_FR\" \/>\n<meta property=\"og:type\" content=\"article\" \/>\n<meta property=\"og:title\" content=\"ADVOCNAR - R\u00e9duire de fa\u00e7on significative les nuisances a\u00e9riennes\" \/>\n<meta property=\"og:description\" content=\"ADVOCNAR d\u00e9fend les populations victimes des nuisances a\u00e9riennes. Bruit et pollution chimique du trafic a\u00e9rien : un v\u00e9ritable probl\u00e8me de sant\u00e9 publique !\" \/>\n<meta property=\"og:url\" content=\"https:\/\/www.clients.horus-informatique71.fr\/advocnar_backup\/\" \/>\n<meta property=\"og:site_name\" content=\"Advocnar\" \/>\n<meta property=\"article:modified_time\" content=\"2022-04-11T22:34:08+00:00\" \/>\n<meta name=\"twitter:card\" content=\"summary_large_image\" \/>\n<meta name=\"twitter:label1\" content=\"Dur\u00e9e de lecture estim\u00e9e\" \/>\n\t<meta name=\"twitter:data1\" content=\"2 minutes\" \/>\n<script type=\"application\/ld+json\" class=\"yoast-schema-graph\">{\"@context\":\"https:\/\/schema.org\",\"@graph\":[{\"@type\":\"WebPage\",\"@id\":\"https:\/\/www.clients.horus-informatique71.fr\/advocnar_backup\/\",\"url\":\"https:\/\/www.clients.horus-informatique71.fr\/advocnar_backup\/\",\"name\":\"ADVOCNAR - R\u00e9duire de fa\u00e7on significative les nuisances a\u00e9riennes\",\"isPartOf\":{\"@id\":\"https:\/\/www.clients.horus-informatique71.fr\/advocnar_backup\/#website\"},\"datePublished\":\"2016-02-23T10:44:40+00:00\",\"dateModified\":\"2022-04-11T22:34:08+00:00\",\"description\":\"ADVOCNAR d\u00e9fend les populations victimes des nuisances a\u00e9riennes. Bruit et pollution chimique du trafic a\u00e9rien : un v\u00e9ritable probl\u00e8me de sant\u00e9 publique !\",\"breadcrumb\":{\"@id\":\"https:\/\/www.clients.horus-informatique71.fr\/advocnar_backup\/#breadcrumb\"},\"inLanguage\":\"fr-FR\",\"potentialAction\":[{\"@type\":\"ReadAction\",\"target\":[\"https:\/\/www.clients.horus-informatique71.fr\/advocnar_backup\/\"]}]},{\"@type\":\"BreadcrumbList\",\"@id\":\"https:\/\/www.clients.horus-informatique71.fr\/advocnar_backup\/#breadcrumb\",\"itemListElement\":[{\"@type\":\"ListItem\",\"position\":1,\"name\":\"Accueil\",\"item\":\"https:\/\/www.clients.horus-informatique71.fr\/advocnar_backup\/\"},{\"@type\":\"ListItem\",\"position\":2,\"name\":\"Accueil\"}]},{\"@type\":\"WebSite\",\"@id\":\"https:\/\/www.clients.horus-informatique71.fr\/advocnar_backup\/#website\",\"url\":\"https:\/\/www.clients.horus-informatique71.fr\/advocnar_backup\/\",\"name\":\"Advocnar\",\"description\":\"Association de D\u00e9fense Contre les Nuisances A\u00e9riennes\",\"potentialAction\":[{\"@type\":\"SearchAction\",\"target\":{\"@type\":\"EntryPoint\",\"urlTemplate\":\"https:\/\/www.clients.horus-informatique71.fr\/advocnar_backup\/?s={search_term_string}\"},\"query-input\":\"required name=search_term_string\"}],\"inLanguage\":\"fr-FR\"}]}<\/script>\n<!-- \/ Yoast SEO plugin. -->","yoast_head_json":{"title":"ADVOCNAR - R\u00e9duire de fa\u00e7on significative les nuisances a\u00e9riennes","description":"ADVOCNAR d\u00e9fend les populations victimes des nuisances a\u00e9riennes. Bruit et pollution chimique du trafic a\u00e9rien : un v\u00e9ritable probl\u00e8me de sant\u00e9 publique !","robots":{"index":"index","follow":"follow","max-snippet":"max-snippet:-1","max-image-preview":"max-image-preview:large","max-video-preview":"max-video-preview:-1"},"canonical":"https:\/\/www.clients.horus-informatique71.fr\/advocnar_backup\/","og_locale":"fr_FR","og_type":"article","og_title":"ADVOCNAR - R\u00e9duire de fa\u00e7on significative les nuisances a\u00e9riennes","og_description":"ADVOCNAR d\u00e9fend les populations victimes des nuisances a\u00e9riennes. Bruit et pollution chimique du trafic a\u00e9rien : un v\u00e9ritable probl\u00e8me de sant\u00e9 publique !","og_url":"https:\/\/www.clients.horus-informatique71.fr\/advocnar_backup\/","og_site_name":"Advocnar","article_modified_time":"2022-04-11T22:34:08+00:00","twitter_card":"summary_large_image","twitter_misc":{"Dur\u00e9e de lecture estim\u00e9e":"2 minutes"},"schema":{"@context":"https:\/\/schema.org","@graph":[{"@type":"WebPage","@id":"https:\/\/www.clients.horus-informatique71.fr\/advocnar_backup\/","url":"https:\/\/www.clients.horus-informatique71.fr\/advocnar_backup\/","name":"ADVOCNAR - R\u00e9duire de fa\u00e7on significative les nuisances a\u00e9riennes","isPartOf":{"@id":"https:\/\/www.clients.horus-informatique71.fr\/advocnar_backup\/#website"},"datePublished":"2016-02-23T10:44:40+00:00","dateModified":"2022-04-11T22:34:08+00:00","description":"ADVOCNAR d\u00e9fend les populations victimes des nuisances a\u00e9riennes. Bruit et pollution chimique du trafic a\u00e9rien : un v\u00e9ritable probl\u00e8me de sant\u00e9 publique !","breadcrumb":{"@id":"https:\/\/www.clients.horus-informatique71.fr\/advocnar_backup\/#breadcrumb"},"inLanguage":"fr-FR","potentialAction":[{"@type":"ReadAction","target":["https:\/\/www.clients.horus-informatique71.fr\/advocnar_backup\/"]}]},{"@type":"BreadcrumbList","@id":"https:\/\/www.clients.horus-informatique71.fr\/advocnar_backup\/#breadcrumb","itemListElement":[{"@type":"ListItem","position":1,"name":"Accueil","item":"https:\/\/www.clients.horus-informatique71.fr\/advocnar_backup\/"},{"@type":"ListItem","position":2,"name":"Accueil"}]},{"@type":"WebSite","@id":"https:\/\/www.clients.horus-informatique71.fr\/advocnar_backup\/#website","url":"https:\/\/www.clients.horus-informatique71.fr\/advocnar_backup\/","name":"Advocnar","description":"Association de D\u00e9fense Contre les Nuisances A\u00e9riennes","potentialAction":[{"@type":"SearchAction","target":{"@type":"EntryPoint","urlTemplate":"https:\/\/www.clients.horus-informatique71.fr\/advocnar_backup\/?s={search_term_string}"},"query-input":"required name=search_term_string"}],"inLanguage":"fr-FR"}]}},"_links":{"self":[{"href":"https:\/\/www.clients.horus-informatique71.fr\/advocnar_backup\/wp-json\/wp\/v2\/pages\/70731"}],"collection":[{"href":"https:\/\/www.clients.horus-informatique71.fr\/advocnar_backup\/wp-json\/wp\/v2\/pages"}],"about":[{"href":"https:\/\/www.clients.horus-informatique71.fr\/advocnar_backup\/wp-json\/wp\/v2\/types\/page"}],"author":[{"embeddable":true,"href":"https:\/\/www.clients.horus-informatique71.fr\/advocnar_backup\/wp-json\/wp\/v2\/users\/18"}],"replies":[{"embeddable":true,"href":"https:\/\/www.clients.horus-informatique71.fr\/advocnar_backup\/wp-json\/wp\/v2\/comments?post=70731"}],"version-history":[{"count":99,"href":"https:\/\/www.clients.horus-informatique71.fr\/advocnar_backup\/wp-json\/wp\/v2\/pages\/70731\/revisions"}],"predecessor-version":[{"id":77993,"href":"https:\/\/www.clients.horus-informatique71.fr\/advocnar_backup\/wp-json\/wp\/v2\/pages\/70731\/revisions\/77993"}],"wp:attachment":[{"href":"https:\/\/www.clients.horus-informatique71.fr\/advocnar_backup\/wp-json\/wp\/v2\/media?parent=70731"}],"curies":[{"name":"wp","href":"https:\/\/api.w.org\/{rel}","templated":true}]}}