{"id":70749,"date":"2016-02-24T10:01:13","date_gmt":"2016-02-24T09:01:13","guid":{"rendered":"https:\/\/www.clients.horus-informatique71.fr\/advocnar_backup\/?page_id=70749"},"modified":"2016-05-18T18:56:52","modified_gmt":"2016-05-18T17:56:52","slug":"charte-roissy-cdg","status":"publish","type":"page","link":"https:\/\/www.clients.horus-informatique71.fr\/advocnar_backup\/actions\/charte-roissy-cdg\/","title":{"rendered":"Charte Roissy CDG"},"content":{"rendered":"<h4>Janvier 2011 :<\/h4>\n<p>Le 20 janvier 2011,\u00a0lors de la\u00a0r\u00e9union de la commission \u00ab\u00a0Vols de nuit\u00a0\u00bb, une communication a \u00e9t\u00e9 faite conjointement par les trois associations ADVOCNAR, AREC et CIRENA rappelant avec fermet\u00e9 que \u00ab\u00a0les associations demandent une r\u00e9duction significative et durable des vols de nuit\u00a0\u00bb.<\/p>\n<p><a href=\"https:\/\/www.clients.horus-informatique71.fr\/advocnar_backup\/wp-content\/uploads\/2016\/02\/Communique-de-presse-20-janvier-2011-Finale.pdf\" rel=\"\">Lire le communiqu\u00e9 de presse<\/a><\/p>\n<p>Le 25 janvier 2011, le Pr\u00e9fet de r\u00e9gion Daniel Canepa invite les repr\u00e9sentants des associations, des Elus et du lobby a\u00e9rien aux \u00ab Assises du Grand Roissy \u00bb, une journ\u00e9e dont on ne sait si ce sera une conclusion &#8211; inacceptable pour les d\u00e9fenseurs des populations survol\u00e9es et de l&rsquo;environnement &#8211; ou un point d&rsquo;\u00e9tape comme on nous le laisse entendre. Nous devons nous pr\u00e9parer\u00a0\u00e0 r\u00e9agir\u00a0!<\/p>\n<p><a href=\"https:\/\/www.clients.horus-informatique71.fr\/advocnar_backup\/wp-content\/uploads\/2016\/02\/doc028.pdf\" rel=\"\">Le point de l&rsquo;ADVOCNAR sur les mesures de la Charte<\/a> : \u00ab\u00a0De l&rsquo;espoir \u00e0 la d\u00e9sillusion\u00a0\u00bb<\/p>\n<p>&nbsp;<\/p>\n<hr \/>\n<h4>D\u00e9cembre 2010 :<\/h4>\n<p>Suite \u00e0 la derni\u00e8re r\u00e9union de la commission 1 \u00ab r\u00e9duction des nuisances \u00bb du 13 d\u00e9cembre 2010, l&rsquo;ADVOCNAR ne peut que constater, avec amertume, que toutes les mesures envisag\u00e9es depuis le d\u00e9but de la mission Charte, mesures porteuses, ensemble, de vrais progr\u00e8s pour les riverains, ont \u00e9t\u00e9 syst\u00e9matiquement vid\u00e9es de leur substance. Il n&rsquo;en reste quasiment rien. On se retrouve avec des mesures op\u00e9rationnelles propos\u00e9es sur la p\u00e9riode 0 h &#8211; 5 heures qui ne repr\u00e9sente que 4 % du trafic global de Roissy CDG. Les riverains attendent des r\u00e9ductions significatives de nuisances toute la journ\u00e9e et en priorit\u00e9 en d\u00e9but et en fin de nuit.<\/p>\n<p><a href=\"https:\/\/www.clients.horus-informatique71.fr\/advocnar_backup\/wp-content\/uploads\/2016\/02\/2010-11-10-Groupe-Vols-de-Nuit-Presentation.pdf\" rel=\"\">Pr\u00e9sentation Convergence Associative<\/a> : \u00ab\u00a0Le revers de la m\u00e9daille\u00a0\u00bb 10.11.2010<\/p>\n<hr \/>\n<h4>Octobre 2010 :<\/h4>\n<p>Le communiqu\u00e9 du Pr\u00e9fet de r\u00e9gion Daniel Canepa sur l&rsquo;avancement des travaux de la Charte et les mesures envisag\u00e9es se veut rassurant :<\/p>\n<p><a href=\"https:\/\/www.clients.horus-informatique71.fr\/advocnar_backup\/wp-content\/uploads\/2016\/02\/2010-10-26-Communique-Canepa-suite-CCE.pdf\" rel=\"\">Communiqu\u00e9 Canepa 26 octobre 2010<\/a> : \u00ab\u00a0Roissy Charles-de-Gaulle: bonne nouvelle pour les populations voisines de l&rsquo;a\u00e9roport\u00a0\u00bb<\/p>\n<hr \/>\n<h4>Mai 2010 :<\/h4>\n<p>Cr\u00e9ation de la commission \u00ab\u00a0Vols de nuit\u00a0\u00bb dans le cadre de la CCE (Commission Consultative de l&rsquo;Environnement) :<\/p>\n<p>Nicolas Sarkozy dans sa lettre de mission de f\u00e9vrier 2008 \u00e0 Jacques Dermagne a demand\u00e9 explicitement \u00ab le renforcement des contraintes impos\u00e9es au trafic nocturne \u00bb.<br \/>\nLes associations demandent dans quelle commission sera trait\u00e9e la r\u00e9duction des nuisances nocturnes. Le Pr\u00e9fet de R\u00e9gion propose la cr\u00e9ation d&rsquo;une commission sp\u00e9cifique. La DGAC refuse et pr\u00e9cise que l&rsquo;entit\u00e9 appropri\u00e9e pour traiter ce probl\u00e8me est la Commission Consultative de l&rsquo;Environnement.<\/p>\n<p>L&rsquo;ADVOCNAR participe \u00e0 la commission \u00ab\u00a0Vols de nuit\u00a0\u00bb &#8211; Repr\u00e9sentant: Alain Peri<\/p>\n<hr \/>\n<p>&nbsp;<\/p>\n<h4>Avril 2010<\/h4>\n<p>Cr\u00e9ation du CRC (Comit\u00e9 R\u00e9gional de concertation) pour la mise en \u0153uvre des engagements Grenelle du secteur a\u00e9rien, qui concerne les plates-formes a\u00e9roportuaires d&rsquo;Orly, Roissy-Charles-de-Gaulle et Le Bourget :<br \/>\nIl s&rsquo;agit du rel\u00e8vement de 300 m\u00e8tres de l&rsquo;altitude du dernier palier avant l&rsquo;atterrissage sur les 3 a\u00e9roports franciliens.<\/p>\n<p><a href=\"https:\/\/www.clients.horus-informatique71.fr\/advocnar_backup\/wp-content\/uploads\/2016\/02\/2010-06-04-CRC-Communique-Canepa.pdf\" rel=\"\">Communiqu\u00e9 Canepa 4 juin 2010<\/a> : \u00ab\u00a0L&rsquo;int\u00e9r\u00eat g\u00e9n\u00e9ral doit primer\u00a0\u00bb<\/p>\n<hr \/>\n<p>&nbsp;<\/p>\n<h4>F\u00e9vrier 2010 :<\/h4>\n<p>Le 11 f\u00e9vrier,\u00a0\u00e0 l&rsquo;issue de la r\u00e9union pl\u00e9ni\u00e8re des repr\u00e9sentants des\u00a0huit commissions, la DGAC a propos\u00e9 un certain nombre de mesures d&rsquo;am\u00e9lioration de la gestion du trafic.<br \/>\nEn savoir plus<\/p>\n<hr \/>\n<h4>Novembre 2009 :<\/h4>\n<p>L\u2019\u00e9laboration de la charte est confi\u00e9e au Pr\u00e9fet de R\u00e9gion. Huit commissions se r\u00e9uniront 2 fois (d\u00e9cembre 2009 et f\u00e9vrier 2010).<br \/>\nLa charte doit \u00eatre \u00e9labor\u00e9e d\u2019ici la fin du 1er semestre 2010.<\/p>\n<p>L&rsquo;ADVOCNAR participe\u00a0aux trois commissions qui concernent la probl\u00e9matique des nuisances a\u00e9riennes:<br \/>\n&#8211;\u00a0\u00a0 La commission ma\u00eetrise des nuisances sonores &#8211;\u00a0Repr\u00e9sentant: Alain Peri<br \/>\n&#8211;\u00a0\u00a0 La commission Aide aux riverains &#8211;\u00a0Repr\u00e9sentant: Alain Peri<br \/>\n&#8211;\u00a0 \u00a0La commission gestion du territoire urbain &#8211; Repr\u00e9sentant: Patric Kruissel<\/p>\n<hr \/>\n<h4>23 f\u00e9vrier 2009 :<\/h4>\n<p>Suite \u00e0 la publication du rapport Dermagne, l&rsquo;ADVOCNAR r\u00e9dige une \u00ab\u00a0Contribution \u00e0 l&rsquo;\u00e9laboration de la Charte du d\u00e9veloppement durable de Roissy CDG\u00a0\u00bb, regroupant 17 propositions pour\u00a0\u00a0r\u00e9duire les nuisances subies par les populations survol\u00e9es.<\/p>\n<p><a href=\"https:\/\/www.clients.horus-informatique71.fr\/advocnar_backup\/wp-content\/uploads\/2016\/02\/Charte-CDG-Contribution-Advocnar-Final.pdf\" rel=\"\">Cliquer ici<\/a><\/p>\n<hr \/>\n<h4>D\u00e9cembre 2008 :<\/h4>\n<p>Publication du rapport Dermagne : les \u00e9lus et associations jugent le volet environnemental insuffisant par rapport \u00e0 l\u2019ambition affich\u00e9e par le chef de l\u2019Etat. En savoir plus<br \/>\n17 novembre 2008 :Une d\u00e9l\u00e9gation du comit\u00e9 de pilotage de la Table Ronde est re\u00e7ue \u00e0 l\u2019Elys\u00e9e. La promesse d\u2019int\u00e9grer les nuisances nocturnes dans le cadre de la charte est faite aux \u00e9lus et repr\u00e9sentants associatifs. En savoir plus<br \/>\n20 septembre 2008 :400 \u00e9lus de 94 communes repr\u00e9sentant plus d\u2019un million de citoyens votent une d\u00e9lib\u00e9ration pour une r\u00e9duction des vols nocturnes. Plus d\u2019une centaine de conseils municipaux voteront cette m\u00eame d\u00e9lib\u00e9ration.<\/p>\n<p>En savoir plus<\/p>\n<hr \/>\n<h3>17 avril 2008:<\/h3>\n<p>Nicolas Sarkozy a confi\u00e9 au pr\u00e9sident du Conseil Economique et Social le soin d&rsquo;\u00e9tablir une charte environnementale.<br \/>\nAuditionn\u00e9e le 17 avril 2008, l&rsquo;ADVOCNAR a r\u00e9affirm\u00e9 tr\u00e8s clairement que les riverains ont \u00e9t\u00e9, de longue date, manipul\u00e9s et endormis par la cr\u00e9ation d&rsquo;instances, de lois et de commissions diverses et que pendant ce temps les nuisances ont continu\u00e9 \u00e0 cro\u00eetre avec le trafic.<br \/>\nL&rsquo;ADVOCNAR n&rsquo;avalisera que les textes pr\u00e9voyant des avanc\u00e9es tangibles.<\/p>\n<p><a href=\"https:\/\/www.clients.horus-informatique71.fr\/advocnar_backup\/wp-content\/uploads\/2016\/02\/CES-Presentation-17-04-2008.pdf\" rel=\"\">Voir la Pr\u00e9sentation ADVOCNAR<\/a><\/p>\n<hr \/>\n<p>&nbsp;<\/p>\n<h4>4 f\u00e9vrier 2008 :<\/h4>\n<p>Lettre de mission de Nicolas Sarkozy \u00e0 Jacques Dermagne, pr\u00e9sident du Conseil Economique, Social et Environnemental : extraits<\/p>\n<p>\u00ab les l\u00e9gitimes pr\u00e9occupations pour les populations riveraines \u00bb, \u00ab concilier la croissance du trafic a\u00e9rien \u2026 avec l\u2019am\u00e9lioration de la qualit\u00e9 de vie des riverains. Ces objectifs ne sont pas antinomiques. \u00bb<br \/>\n\u00ab le renforcement des contraintes impos\u00e9es au trafic nocturne \u00bb<br \/>\n<a href=\"https:\/\/www.clients.horus-informatique71.fr\/advocnar_backup\/wp-content\/uploads\/2016\/02\/doc028-1.pdf\" rel=\"\">Le texte int\u00e9gral<\/a><\/p>\n<hr \/>\n<h4>26 juin 2007 :<\/h4>\n<p>Discours de Nicolas Sarkozy \u00e0 Roissy : extraits<\/p>\n<p>\u00ab on peut d\u00e9velopper Roissy et mieux prot\u00e9ger les riverains, ce n&rsquo;est pas antinomique. Il existe des dizaines de solutions concr\u00e8tes pour cela \u00bb<br \/>\n\u00ab la n\u00e9gociation d&rsquo;une charte pour le d\u00e9veloppement durable de l&rsquo;a\u00e9roport de Roissy-Charles de Gaulle, avec la perspective de la signer dans un d\u00e9lai d&rsquo;un an, sur la base d&rsquo;engagements pr\u00e9cis.<br \/>\nCette charte, je souhaite qu&rsquo;elle soit un accord gagnant-gagnant : des riverains mieux prot\u00e9g\u00e9s, et en m\u00eame temps de r\u00e9elles perspectives de d\u00e9veloppement pour Roissy \u00bb<br \/>\n\u00ab un d\u00e9veloppement qui ne sacrifie pas les int\u00e9r\u00eats de notre plan\u00e8te et les int\u00e9r\u00eats de votre sant\u00e9. \u00bb<br \/>\n<a href=\"https:\/\/www.clients.horus-informatique71.fr\/advocnar_backup\/wp-content\/uploads\/2016\/02\/Allocution-N.Sarkozy-Roissy-26-juin-2007.pdf\" rel=\"\">Le texte int\u00e9gral<\/a><\/p>\n","protected":false},"excerpt":{"rendered":"<p>Janvier 2011 : Le 20 janvier 2011,\u00a0lors de la\u00a0r\u00e9union de la commission \u00ab\u00a0Vols de nuit\u00a0\u00bb, une communication a \u00e9t\u00e9 faite conjointement par les trois associations ADVOCNAR, AREC et CIRENA rappelant avec fermet\u00e9 que \u00ab\u00a0les associations demandent une r\u00e9duction significative et durable des vols de nuit\u00a0\u00bb. Lire le communiqu\u00e9 de presse Le 25 janvier 2011, le [&hellip;]<\/p>\n","protected":false},"author":18,"featured_media":0,"parent":70745,"menu_order":0,"comment_status":"closed","ping_status":"closed","template":"","meta":{"footnotes":""},"yoast_head":"<!-- This site is optimized with the Yoast SEO plugin v22.0 - https:\/\/yoast.com\/wordpress\/plugins\/seo\/ -->\n<title>Charte Roissy CDG - Advocnar<\/title>\n<meta name=\"robots\" content=\"index, follow, max-snippet:-1, max-image-preview:large, max-video-preview:-1\" \/>\n<link rel=\"canonical\" href=\"https:\/\/www.clients.horus-informatique71.fr\/advocnar_backup\/actions\/charte-roissy-cdg\/\" \/>\n<meta property=\"og:locale\" content=\"fr_FR\" \/>\n<meta property=\"og:type\" content=\"article\" \/>\n<meta property=\"og:title\" content=\"Charte Roissy CDG - Advocnar\" \/>\n<meta property=\"og:description\" content=\"Janvier 2011 : Le 20 janvier 2011,\u00a0lors de la\u00a0r\u00e9union de la commission \u00ab\u00a0Vols de nuit\u00a0\u00bb, une communication a \u00e9t\u00e9 faite conjointement par les trois associations ADVOCNAR, AREC et CIRENA rappelant avec fermet\u00e9 que \u00ab\u00a0les associations demandent une r\u00e9duction significative et durable des vols de nuit\u00a0\u00bb. Lire le communiqu\u00e9 de presse Le 25 janvier 2011, le [&hellip;]\" \/>\n<meta property=\"og:url\" content=\"https:\/\/www.clients.horus-informatique71.fr\/advocnar_backup\/actions\/charte-roissy-cdg\/\" \/>\n<meta property=\"og:site_name\" content=\"Advocnar\" \/>\n<meta property=\"article:modified_time\" content=\"2016-05-18T17:56:52+00:00\" \/>\n<meta name=\"twitter:card\" content=\"summary_large_image\" \/>\n<meta name=\"twitter:label1\" content=\"Dur\u00e9e de lecture estim\u00e9e\" \/>\n\t<meta name=\"twitter:data1\" content=\"5 minutes\" \/>\n<script type=\"application\/ld+json\" class=\"yoast-schema-graph\">{\"@context\":\"https:\/\/schema.org\",\"@graph\":[{\"@type\":\"WebPage\",\"@id\":\"https:\/\/www.clients.horus-informatique71.fr\/advocnar_backup\/actions\/charte-roissy-cdg\/\",\"url\":\"https:\/\/www.clients.horus-informatique71.fr\/advocnar_backup\/actions\/charte-roissy-cdg\/\",\"name\":\"Charte Roissy CDG - Advocnar\",\"isPartOf\":{\"@id\":\"https:\/\/www.clients.horus-informatique71.fr\/advocnar_backup\/#website\"},\"datePublished\":\"2016-02-24T09:01:13+00:00\",\"dateModified\":\"2016-05-18T17:56:52+00:00\",\"breadcrumb\":{\"@id\":\"https:\/\/www.clients.horus-informatique71.fr\/advocnar_backup\/actions\/charte-roissy-cdg\/#breadcrumb\"},\"inLanguage\":\"fr-FR\",\"potentialAction\":[{\"@type\":\"ReadAction\",\"target\":[\"https:\/\/www.clients.horus-informatique71.fr\/advocnar_backup\/actions\/charte-roissy-cdg\/\"]}]},{\"@type\":\"BreadcrumbList\",\"@id\":\"https:\/\/www.clients.horus-informatique71.fr\/advocnar_backup\/actions\/charte-roissy-cdg\/#breadcrumb\",\"itemListElement\":[{\"@type\":\"ListItem\",\"position\":1,\"name\":\"Accueil\",\"item\":\"https:\/\/www.clients.horus-informatique71.fr\/advocnar_backup\/\"},{\"@type\":\"ListItem\",\"position\":2,\"name\":\"Actions\",\"item\":\"https:\/\/www.clients.horus-informatique71.fr\/advocnar_backup\/actions\/\"},{\"@type\":\"ListItem\",\"position\":3,\"name\":\"Charte Roissy CDG\"}]},{\"@type\":\"WebSite\",\"@id\":\"https:\/\/www.clients.horus-informatique71.fr\/advocnar_backup\/#website\",\"url\":\"https:\/\/www.clients.horus-informatique71.fr\/advocnar_backup\/\",\"name\":\"Advocnar\",\"description\":\"Association de D\u00e9fense Contre les Nuisances A\u00e9riennes\",\"potentialAction\":[{\"@type\":\"SearchAction\",\"target\":{\"@type\":\"EntryPoint\",\"urlTemplate\":\"https:\/\/www.clients.horus-informatique71.fr\/advocnar_backup\/?s={search_term_string}\"},\"query-input\":\"required name=search_term_string\"}],\"inLanguage\":\"fr-FR\"}]}<\/script>\n<!-- \/ Yoast SEO plugin. -->","yoast_head_json":{"title":"Charte Roissy CDG - Advocnar","robots":{"index":"index","follow":"follow","max-snippet":"max-snippet:-1","max-image-preview":"max-image-preview:large","max-video-preview":"max-video-preview:-1"},"canonical":"https:\/\/www.clients.horus-informatique71.fr\/advocnar_backup\/actions\/charte-roissy-cdg\/","og_locale":"fr_FR","og_type":"article","og_title":"Charte Roissy CDG - Advocnar","og_description":"Janvier 2011 : Le 20 janvier 2011,\u00a0lors de la\u00a0r\u00e9union de la commission \u00ab\u00a0Vols de nuit\u00a0\u00bb, une communication a \u00e9t\u00e9 faite conjointement par les trois associations ADVOCNAR, AREC et CIRENA rappelant avec fermet\u00e9 que \u00ab\u00a0les associations demandent une r\u00e9duction significative et durable des vols de nuit\u00a0\u00bb. Lire le communiqu\u00e9 de presse Le 25 janvier 2011, le [&hellip;]","og_url":"https:\/\/www.clients.horus-informatique71.fr\/advocnar_backup\/actions\/charte-roissy-cdg\/","og_site_name":"Advocnar","article_modified_time":"2016-05-18T17:56:52+00:00","twitter_card":"summary_large_image","twitter_misc":{"Dur\u00e9e de lecture estim\u00e9e":"5 minutes"},"schema":{"@context":"https:\/\/schema.org","@graph":[{"@type":"WebPage","@id":"https:\/\/www.clients.horus-informatique71.fr\/advocnar_backup\/actions\/charte-roissy-cdg\/","url":"https:\/\/www.clients.horus-informatique71.fr\/advocnar_backup\/actions\/charte-roissy-cdg\/","name":"Charte Roissy CDG - Advocnar","isPartOf":{"@id":"https:\/\/www.clients.horus-informatique71.fr\/advocnar_backup\/#website"},"datePublished":"2016-02-24T09:01:13+00:00","dateModified":"2016-05-18T17:56:52+00:00","breadcrumb":{"@id":"https:\/\/www.clients.horus-informatique71.fr\/advocnar_backup\/actions\/charte-roissy-cdg\/#breadcrumb"},"inLanguage":"fr-FR","potentialAction":[{"@type":"ReadAction","target":["https:\/\/www.clients.horus-informatique71.fr\/advocnar_backup\/actions\/charte-roissy-cdg\/"]}]},{"@type":"BreadcrumbList","@id":"https:\/\/www.clients.horus-informatique71.fr\/advocnar_backup\/actions\/charte-roissy-cdg\/#breadcrumb","itemListElement":[{"@type":"ListItem","position":1,"name":"Accueil","item":"https:\/\/www.clients.horus-informatique71.fr\/advocnar_backup\/"},{"@type":"ListItem","position":2,"name":"Actions","item":"https:\/\/www.clients.horus-informatique71.fr\/advocnar_backup\/actions\/"},{"@type":"ListItem","position":3,"name":"Charte Roissy CDG"}]},{"@type":"WebSite","@id":"https:\/\/www.clients.horus-informatique71.fr\/advocnar_backup\/#website","url":"https:\/\/www.clients.horus-informatique71.fr\/advocnar_backup\/","name":"Advocnar","description":"Association de D\u00e9fense Contre les Nuisances A\u00e9riennes","potentialAction":[{"@type":"SearchAction","target":{"@type":"EntryPoint","urlTemplate":"https:\/\/www.clients.horus-informatique71.fr\/advocnar_backup\/?s={search_term_string}"},"query-input":"required name=search_term_string"}],"inLanguage":"fr-FR"}]}},"_links":{"self":[{"href":"https:\/\/www.clients.horus-informatique71.fr\/advocnar_backup\/wp-json\/wp\/v2\/pages\/70749"}],"collection":[{"href":"https:\/\/www.clients.horus-informatique71.fr\/advocnar_backup\/wp-json\/wp\/v2\/pages"}],"about":[{"href":"https:\/\/www.clients.horus-informatique71.fr\/advocnar_backup\/wp-json\/wp\/v2\/types\/page"}],"author":[{"embeddable":true,"href":"https:\/\/www.clients.horus-informatique71.fr\/advocnar_backup\/wp-json\/wp\/v2\/users\/18"}],"replies":[{"embeddable":true,"href":"https:\/\/www.clients.horus-informatique71.fr\/advocnar_backup\/wp-json\/wp\/v2\/comments?post=70749"}],"version-history":[{"count":2,"href":"https:\/\/www.clients.horus-informatique71.fr\/advocnar_backup\/wp-json\/wp\/v2\/pages\/70749\/revisions"}],"predecessor-version":[{"id":77673,"href":"https:\/\/www.clients.horus-informatique71.fr\/advocnar_backup\/wp-json\/wp\/v2\/pages\/70749\/revisions\/77673"}],"up":[{"embeddable":true,"href":"https:\/\/www.clients.horus-informatique71.fr\/advocnar_backup\/wp-json\/wp\/v2\/pages\/70745"}],"wp:attachment":[{"href":"https:\/\/www.clients.horus-informatique71.fr\/advocnar_backup\/wp-json\/wp\/v2\/media?parent=70749"}],"curies":[{"name":"wp","href":"https:\/\/api.w.org\/{rel}","templated":true}]}}