{"id":70753,"date":"2016-02-24T10:02:21","date_gmt":"2016-02-24T09:02:21","guid":{"rendered":"https:\/\/www.clients.horus-informatique71.fr\/advocnar_backup\/?page_id=70753"},"modified":"2016-05-20T10:40:16","modified_gmt":"2016-05-20T09:40:16","slug":"avenir-dorly","status":"publish","type":"page","link":"https:\/\/www.clients.horus-informatique71.fr\/advocnar_backup\/actions\/avenir-dorly\/","title":{"rendered":"Avenir d&rsquo;Orly"},"content":{"rendered":"<h3>Avenir d&rsquo;Orly<\/h3>\n<h4>Septembre 2012<\/h4>\n<p><a href=\"https:\/\/www.clients.horus-informatique71.fr\/advocnar_backup\/wp-content\/uploads\/2016\/02\/ADVOCNAR-Position-Sur-Rapport-ORLY-2012-09-19-2.pdf\" rel=\"\">Lire la contribution de l&rsquo;ADVOCNAR<\/a> au rapport sur l&rsquo;avenir de l&rsquo;a\u00e9roport d&rsquo;Orly<\/p>\n<hr \/>\n<p>&nbsp;<\/p>\n<h4>Janvier 2012 &#8211;<\/h4>\n<h4>La position de l&rsquo;ADVOCNAR Commission minist\u00e9rielle sur le futur d&rsquo;Orly :<\/h4>\n<h4>un enjeu essentiel pour les riverains de Roissy CDG !<\/h4>\n<p>Cette commission a \u00e9t\u00e9 lanc\u00e9e fin octobre par la ministre Nathalie Kosciusko-Morizet, sous l&rsquo;\u00e9nergique impulsion du d\u00e9put\u00e9 Didier Gonzales, afin d&rsquo;examiner sa proposition de loi visant \u00e0 d\u00e9localiser l&rsquo;a\u00e9roport d&rsquo;Orly, dans le cadre du Grand Paris. L&rsquo;id\u00e9e est de cr\u00e9er la plate-forme a\u00e9roportuaire qui permettra \u00e0 la fois de r\u00e9duire l&rsquo;impact sanitaire du trafic en diminuant les populations expos\u00e9es aux nuisances et d&rsquo;autre part, de soutenir les ambitions de d\u00e9veloppement du Grand Paris.<\/p>\n<p>L&rsquo;analyse de D. Gonzalez est simple. Elle part du constat d&rsquo;\u00e9chec du projet de troisi\u00e8me a\u00e9roport : Pas d&rsquo;attractivit\u00e9, obligation de commencer le trafic de z\u00e9ro et absence de financement. Dans son projet, l&rsquo; \u00ab a\u00e9roport du futur \u00bb d\u00e9marrerait avec le trafic d&rsquo;Orly et, pourquoi pas, une centaine de milliers de vols de Roissy CDG. Il serait financ\u00e9 en grande partie par la valorisation des 1529 ha (surface \u00e9quivalente \u00e0 la ville de Nancy) du territoire de l&rsquo;a\u00e9roport d&rsquo;Orly, situ\u00e9s \u00e0 10 km de Paris.<\/p>\n<p>En fait, le mandat donn\u00e9 au pr\u00e9sident de la commission ne va pas tout \u00e0 fait jusque-l\u00e0 ! Aussi, d\u00e8s le d\u00e9part, l&rsquo;ADVOCNAR a-t-elle contact\u00e9 la Ministre pour demander que le champ de r\u00e9flexion soit \u00e9tendu \u00e0 l&rsquo;ensemble de la r\u00e9gion \u00cele-de-France qui supporte, entre Roissy CDG et Orly, 60 % du trafic commercial fran\u00e7ais. Notre analyse est incontestable : face \u00e0 la croissance in\u00e9luctable du trafic, la seule chance pour les riverains de Roissy CDG d&rsquo;obtenir un couvre-feu complet la nuit et un plafonnement du trafic passe par la cr\u00e9ation d&rsquo;un nouvel a\u00e9roport pour desservir l&rsquo;\u00cele-de-France.<\/p>\n<p>L&rsquo;ADVOCNAR est maintenant int\u00e9gr\u00e9e dans la commission pour apporter la dimension Roissy CDG dans la r\u00e9flexion. L&rsquo;ensemble des associations environnementales ou repr\u00e9sentant les riverains a \u00e9tabli une analyse commune que l&rsquo;on peut d\u00e9cliner en cinq points :<\/p>\n<ol>\n<li>Les nuisances c&rsquo;est d\u00e9j\u00e0 trop ! Les populations concern\u00e9es par le trafic d&rsquo;Orly et Roissy CDG demandent aujourd&rsquo;hui une r\u00e9duction significative des nuisances, en particulier la nuit.<\/li>\n<li>Le trafic a\u00e9rien va doubler d&rsquo;ici \u00e0 2030 et l&rsquo;Ile-de-France sera au c\u0153ur de cette croissance.<\/li>\n<li>R\u00e9duire le probl\u00e8me sanitaire li\u00e9 au bruit a\u00e9rien et \u00e0 la pollution implique d&rsquo;agir \u00e0 la fois sur les nuisances et sur le nombre de personnes expos\u00e9es.<\/li>\n<li>Gouverner c&rsquo;est pr\u00e9voir. Seul un \u00ab a\u00e9roport du futur \u00bb peut permettre de concilier le d\u00e9veloppement \u00e9conomique du grand Paris, ville monde (!) et la protection de l&rsquo;environnement, de la sant\u00e9 et de la qualit\u00e9 de vie des populations survol\u00e9es.<\/li>\n<li>Le transfert d&rsquo;Orly, en apportant \u00e0 la fois la base de trafic et le financement, rend viable le projet d&rsquo; \u00ab a\u00e9roport du futur \u00bb qui absorbera le trafic du grand Paris pour les d\u00e9cennies \u00e0 venir et permettra le couvre-feu et le plafonnement de Roissy CDG, deux revendications inscrites noir sur blanc dans la proposition de loi du d\u00e9put\u00e9 du Val de marne.<\/li>\n<\/ol>\n<p>L&rsquo;occasion est exceptionnelle de pouvoir faire bouger les lignes. Les probl\u00e9matiques des deux commissions, vols de nuit et Orly se rejoignent pour donner une perspective pour l&rsquo;avenir. L&rsquo;ADVOCNAR s&rsquo;investit maintenant pour passer ce message \u00e0 toutes les populations et \u00e0 tous les \u00e9lus concern\u00e9s par les nuisances de Roissy CDG.<\/p>\n<hr \/>\n<p>&nbsp;<\/p>\n<h4>Octobre 2011 &#8211;<\/h4>\n<h3>Ouverture d&rsquo;une commission sur l&rsquo;avenir de l&rsquo;a\u00e9roport d&rsquo;Orly<\/h3>\n<p><a href=\"https:\/\/www.clients.horus-informatique71.fr\/advocnar_backup\/wp-content\/uploads\/2016\/02\/Lettre-de-Mission.pdf\" rel=\"\">Lettre de mission<\/a> de Nathalie Kosciusko-Morizet au Pr\u00e9fet Andr\u00e9 VIAU &#8211; 7 septembre 2011<br \/>\n<a href=\"https:\/\/www.clients.horus-informatique71.fr\/advocnar_backup\/wp-content\/uploads\/2016\/02\/Communique-NKM-Creation-et-Participants-2011-10-03.pdf\" rel=\"\">Communiqu\u00e9 de presse<\/a>de Nathalie Kosciusko-Morizet &#8211; 3 octobre 2011 &#8211; Cr\u00e9ation et participants<\/p>\n<p>L&rsquo;ADVOCNAR n&rsquo;est pas retenue pour participer \u00e0 la commission, qui reste centr\u00e9e sur Orly.<br \/>\nL&rsquo;association renouvelle sa demande.<\/p>\n<p>Didier Gonzales obtient la cr\u00e9ation de 4 commissions, ouvertes aux associations concern\u00e9es par le trafic a\u00e9rien en Ile-de-France :<br \/>\n1. Am\u00e9nagement du territoire et accessibilit\u00e9<br \/>\n2. Retomb\u00e9es \u00e9conomiques et emplois<br \/>\n3. Nuisances, risques et insonorisation<br \/>\n4. Orly dans le syst\u00e8me a\u00e9roportuaire national et francilien<\/p>\n<p>L&rsquo;ADVOCNAR participe \u00e0 ces diff\u00e9rentes commissions.<\/p>\n<hr \/>\n<p>&nbsp;<\/p>\n<h4>Ao\u00fbt 2011 :<\/h4>\n<p>L&rsquo;ADVOCNAR adresse un courrier \u00e0 NKM afin de participer \u00e0 la commission : en effet, l&rsquo;association demande un d\u00e9bat \u00e9largi \u00e0 l&rsquo;ensemble des plates-formes de la r\u00e9gion Ile-de-France, comme pr\u00e9vu dans la proposition de loi de Didier Gonzales.<\/p>\n<hr \/>\n<p>&nbsp;<\/p>\n<h4>Juillet 2011 :<\/h4>\n<p>Nathalie Kosciusko-Morizet annonce qu&rsquo;elle lancera en septembre une commission sur l&rsquo;avenir de l&rsquo;a\u00e9roport d&rsquo;Orly, \u00e0 laquelle participeront, entre autres, des associations.<\/p>\n<p><a href=\"https:\/\/www.advocnar.frwp-admin\/post.php?post=71306&amp;action=edit\">Lire l&rsquo;article <\/a>\u00ab La ministre se penche sur l&rsquo;avenir de l&rsquo;a\u00e9roport \u00bb &#8211; Le Parisien du 15 juin 2011<\/p>\n<hr \/>\n<p>&nbsp;<\/p>\n<h4>Juin 2011<\/h4>\n<h3>\u00a0Proposition de loi Didier Gonzales<\/h3>\n<p>Le 1er juin 2011, Didier Gonzales d\u00e9pose une proposition de loi relative \u00e0 la desserte a\u00e9rienne du Gand Paris. Cette proposition est soutenue par 60 d\u00e9put\u00e9s.<br \/>\nLa proposition pose clairement le probl\u00e8me : comment accueillir d&rsquo;ici 15 ans en \u00cele-de-France la hausse attendue de plusieurs centaines de milliers de mouvements d&rsquo;avions suppl\u00e9mentaires, sachant qu&rsquo;Orly est plafonn\u00e9 \u00e0 200 000 mouvements environ et que Roissy commence \u00e0 montrer ses limites environnementales ?<\/p>\n<p>Le l\u00e9gislateur doit donc compl\u00e9ter la loi du Grand Paris afin de faire face aux enjeux de sa desserte a\u00e9rienne avec comme objectif de limiter au maximum les nuisances dans les parties urbanis\u00e9es du territoire francilien et de penser autrement l&rsquo;am\u00e9nagement foncier de la r\u00e9gion-capitale.<\/p>\n<p>Il est demand\u00e9 au gouvernement de pr\u00e9senter avant le 1er janvier 2012 un rapport au Parlement sur la mise en place du syst\u00e8me a\u00e9roportuaire du Grand Paris.<\/p>\n<p>Dans l&rsquo;article 6 de la proposition, il est dit :<br \/>\n\u00ab Ce rapport pr\u00e9sente ainsi toutes les possibilit\u00e9s de r\u00e9organisation des plates-formes desservant actuellement le bassin parisien, y compris la d\u00e9localisation des plateformes les plus ins\u00e9r\u00e9es dans un tissu urbain dense comme celle d&rsquo;Orly et le plafonnement de Roissy-Charles-de-Gaulle et son couvre-feu. \u00bb<\/p>\n<p><a href=\"https:\/\/www.clients.horus-informatique71.fr\/advocnar_backup\/wp-content\/uploads\/2016\/02\/proposition-de-loi-3486-Didier-Gonzales.pdf\" rel=\"\">Lire la proposition de loi<\/a><\/p>\n<p>Le 29 juin 2011, les associations membres de l&rsquo;UFCNA, dont l&rsquo;ADVOCNAR, apportent leur soutien \u00e0 la proposition de loi de Didier Gonzales<\/p>\n<p><a href=\"https:\/\/www.clients.horus-informatique71.fr\/advocnar_backup\/wp-content\/uploads\/2016\/02\/2011-06-29-UFCNA-communique-de-presse-29-juin-2011.pdf\" rel=\"\">Lire le communiqu\u00e9 de presse de l&rsquo;UFCNA<\/a><\/p>\n<p>La presse retient principalement l&rsquo;\u00e9ventualit\u00e9 de la d\u00e9localisation d&rsquo;Orly.<\/p>\n<p><a href=\"https:\/\/www.advocnar.frwp-admin\/post.php?post=71306&amp;action=edit\">Lire la revue de presse<\/a><\/p>\n","protected":false},"excerpt":{"rendered":"<p>Avenir d&rsquo;Orly Septembre 2012 Lire la contribution de l&rsquo;ADVOCNAR au rapport sur l&rsquo;avenir de l&rsquo;a\u00e9roport d&rsquo;Orly &nbsp; Janvier 2012 &#8211; La position de l&rsquo;ADVOCNAR Commission minist\u00e9rielle sur le futur d&rsquo;Orly : un enjeu essentiel pour les riverains de Roissy CDG ! Cette commission a \u00e9t\u00e9 lanc\u00e9e fin octobre par la ministre Nathalie Kosciusko-Morizet, sous l&rsquo;\u00e9nergique [&hellip;]<\/p>\n","protected":false},"author":18,"featured_media":0,"parent":70745,"menu_order":0,"comment_status":"closed","ping_status":"closed","template":"","meta":{"footnotes":""},"yoast_head":"<!-- This site is optimized with the Yoast SEO plugin v22.0 - https:\/\/yoast.com\/wordpress\/plugins\/seo\/ -->\n<title>Avenir d&#039;Orly - Advocnar<\/title>\n<meta name=\"robots\" content=\"index, follow, max-snippet:-1, max-image-preview:large, max-video-preview:-1\" \/>\n<link rel=\"canonical\" href=\"https:\/\/www.clients.horus-informatique71.fr\/advocnar_backup\/actions\/avenir-dorly\/\" \/>\n<meta property=\"og:locale\" content=\"fr_FR\" \/>\n<meta property=\"og:type\" content=\"article\" \/>\n<meta property=\"og:title\" content=\"Avenir d&#039;Orly - Advocnar\" \/>\n<meta property=\"og:description\" content=\"Avenir d&rsquo;Orly Septembre 2012 Lire la contribution de l&rsquo;ADVOCNAR au rapport sur l&rsquo;avenir de l&rsquo;a\u00e9roport d&rsquo;Orly &nbsp; Janvier 2012 &#8211; La position de l&rsquo;ADVOCNAR Commission minist\u00e9rielle sur le futur d&rsquo;Orly : un enjeu essentiel pour les riverains de Roissy CDG ! Cette commission a \u00e9t\u00e9 lanc\u00e9e fin octobre par la ministre Nathalie Kosciusko-Morizet, sous l&rsquo;\u00e9nergique [&hellip;]\" \/>\n<meta property=\"og:url\" content=\"https:\/\/www.clients.horus-informatique71.fr\/advocnar_backup\/actions\/avenir-dorly\/\" \/>\n<meta property=\"og:site_name\" content=\"Advocnar\" \/>\n<meta property=\"article:modified_time\" content=\"2016-05-20T09:40:16+00:00\" \/>\n<meta name=\"twitter:card\" content=\"summary_large_image\" \/>\n<meta name=\"twitter:label1\" content=\"Dur\u00e9e de lecture estim\u00e9e\" \/>\n\t<meta name=\"twitter:data1\" content=\"5 minutes\" \/>\n<script type=\"application\/ld+json\" class=\"yoast-schema-graph\">{\"@context\":\"https:\/\/schema.org\",\"@graph\":[{\"@type\":\"WebPage\",\"@id\":\"https:\/\/www.clients.horus-informatique71.fr\/advocnar_backup\/actions\/avenir-dorly\/\",\"url\":\"https:\/\/www.clients.horus-informatique71.fr\/advocnar_backup\/actions\/avenir-dorly\/\",\"name\":\"Avenir d'Orly - Advocnar\",\"isPartOf\":{\"@id\":\"https:\/\/www.clients.horus-informatique71.fr\/advocnar_backup\/#website\"},\"datePublished\":\"2016-02-24T09:02:21+00:00\",\"dateModified\":\"2016-05-20T09:40:16+00:00\",\"breadcrumb\":{\"@id\":\"https:\/\/www.clients.horus-informatique71.fr\/advocnar_backup\/actions\/avenir-dorly\/#breadcrumb\"},\"inLanguage\":\"fr-FR\",\"potentialAction\":[{\"@type\":\"ReadAction\",\"target\":[\"https:\/\/www.clients.horus-informatique71.fr\/advocnar_backup\/actions\/avenir-dorly\/\"]}]},{\"@type\":\"BreadcrumbList\",\"@id\":\"https:\/\/www.clients.horus-informatique71.fr\/advocnar_backup\/actions\/avenir-dorly\/#breadcrumb\",\"itemListElement\":[{\"@type\":\"ListItem\",\"position\":1,\"name\":\"Accueil\",\"item\":\"https:\/\/www.clients.horus-informatique71.fr\/advocnar_backup\/\"},{\"@type\":\"ListItem\",\"position\":2,\"name\":\"Actions\",\"item\":\"https:\/\/www.clients.horus-informatique71.fr\/advocnar_backup\/actions\/\"},{\"@type\":\"ListItem\",\"position\":3,\"name\":\"Avenir d&#8217;Orly\"}]},{\"@type\":\"WebSite\",\"@id\":\"https:\/\/www.clients.horus-informatique71.fr\/advocnar_backup\/#website\",\"url\":\"https:\/\/www.clients.horus-informatique71.fr\/advocnar_backup\/\",\"name\":\"Advocnar\",\"description\":\"Association de D\u00e9fense Contre les Nuisances A\u00e9riennes\",\"potentialAction\":[{\"@type\":\"SearchAction\",\"target\":{\"@type\":\"EntryPoint\",\"urlTemplate\":\"https:\/\/www.clients.horus-informatique71.fr\/advocnar_backup\/?s={search_term_string}\"},\"query-input\":\"required name=search_term_string\"}],\"inLanguage\":\"fr-FR\"}]}<\/script>\n<!-- \/ Yoast SEO plugin. -->","yoast_head_json":{"title":"Avenir d'Orly - Advocnar","robots":{"index":"index","follow":"follow","max-snippet":"max-snippet:-1","max-image-preview":"max-image-preview:large","max-video-preview":"max-video-preview:-1"},"canonical":"https:\/\/www.clients.horus-informatique71.fr\/advocnar_backup\/actions\/avenir-dorly\/","og_locale":"fr_FR","og_type":"article","og_title":"Avenir d'Orly - Advocnar","og_description":"Avenir d&rsquo;Orly Septembre 2012 Lire la contribution de l&rsquo;ADVOCNAR au rapport sur l&rsquo;avenir de l&rsquo;a\u00e9roport d&rsquo;Orly &nbsp; Janvier 2012 &#8211; La position de l&rsquo;ADVOCNAR Commission minist\u00e9rielle sur le futur d&rsquo;Orly : un enjeu essentiel pour les riverains de Roissy CDG ! Cette commission a \u00e9t\u00e9 lanc\u00e9e fin octobre par la ministre Nathalie Kosciusko-Morizet, sous l&rsquo;\u00e9nergique [&hellip;]","og_url":"https:\/\/www.clients.horus-informatique71.fr\/advocnar_backup\/actions\/avenir-dorly\/","og_site_name":"Advocnar","article_modified_time":"2016-05-20T09:40:16+00:00","twitter_card":"summary_large_image","twitter_misc":{"Dur\u00e9e de lecture estim\u00e9e":"5 minutes"},"schema":{"@context":"https:\/\/schema.org","@graph":[{"@type":"WebPage","@id":"https:\/\/www.clients.horus-informatique71.fr\/advocnar_backup\/actions\/avenir-dorly\/","url":"https:\/\/www.clients.horus-informatique71.fr\/advocnar_backup\/actions\/avenir-dorly\/","name":"Avenir d'Orly - Advocnar","isPartOf":{"@id":"https:\/\/www.clients.horus-informatique71.fr\/advocnar_backup\/#website"},"datePublished":"2016-02-24T09:02:21+00:00","dateModified":"2016-05-20T09:40:16+00:00","breadcrumb":{"@id":"https:\/\/www.clients.horus-informatique71.fr\/advocnar_backup\/actions\/avenir-dorly\/#breadcrumb"},"inLanguage":"fr-FR","potentialAction":[{"@type":"ReadAction","target":["https:\/\/www.clients.horus-informatique71.fr\/advocnar_backup\/actions\/avenir-dorly\/"]}]},{"@type":"BreadcrumbList","@id":"https:\/\/www.clients.horus-informatique71.fr\/advocnar_backup\/actions\/avenir-dorly\/#breadcrumb","itemListElement":[{"@type":"ListItem","position":1,"name":"Accueil","item":"https:\/\/www.clients.horus-informatique71.fr\/advocnar_backup\/"},{"@type":"ListItem","position":2,"name":"Actions","item":"https:\/\/www.clients.horus-informatique71.fr\/advocnar_backup\/actions\/"},{"@type":"ListItem","position":3,"name":"Avenir d&#8217;Orly"}]},{"@type":"WebSite","@id":"https:\/\/www.clients.horus-informatique71.fr\/advocnar_backup\/#website","url":"https:\/\/www.clients.horus-informatique71.fr\/advocnar_backup\/","name":"Advocnar","description":"Association de D\u00e9fense Contre les Nuisances A\u00e9riennes","potentialAction":[{"@type":"SearchAction","target":{"@type":"EntryPoint","urlTemplate":"https:\/\/www.clients.horus-informatique71.fr\/advocnar_backup\/?s={search_term_string}"},"query-input":"required name=search_term_string"}],"inLanguage":"fr-FR"}]}},"_links":{"self":[{"href":"https:\/\/www.clients.horus-informatique71.fr\/advocnar_backup\/wp-json\/wp\/v2\/pages\/70753"}],"collection":[{"href":"https:\/\/www.clients.horus-informatique71.fr\/advocnar_backup\/wp-json\/wp\/v2\/pages"}],"about":[{"href":"https:\/\/www.clients.horus-informatique71.fr\/advocnar_backup\/wp-json\/wp\/v2\/types\/page"}],"author":[{"embeddable":true,"href":"https:\/\/www.clients.horus-informatique71.fr\/advocnar_backup\/wp-json\/wp\/v2\/users\/18"}],"replies":[{"embeddable":true,"href":"https:\/\/www.clients.horus-informatique71.fr\/advocnar_backup\/wp-json\/wp\/v2\/comments?post=70753"}],"version-history":[{"count":2,"href":"https:\/\/www.clients.horus-informatique71.fr\/advocnar_backup\/wp-json\/wp\/v2\/pages\/70753\/revisions"}],"predecessor-version":[{"id":70755,"href":"https:\/\/www.clients.horus-informatique71.fr\/advocnar_backup\/wp-json\/wp\/v2\/pages\/70753\/revisions\/70755"}],"up":[{"embeddable":true,"href":"https:\/\/www.clients.horus-informatique71.fr\/advocnar_backup\/wp-json\/wp\/v2\/pages\/70745"}],"wp:attachment":[{"href":"https:\/\/www.clients.horus-informatique71.fr\/advocnar_backup\/wp-json\/wp\/v2\/media?parent=70753"}],"curies":[{"name":"wp","href":"https:\/\/api.w.org\/{rel}","templated":true}]}}