{"id":70759,"date":"2016-02-24T10:09:13","date_gmt":"2016-02-24T09:09:13","guid":{"rendered":"https:\/\/www.clients.horus-informatique71.fr\/advocnar_backup\/?page_id=70759"},"modified":"2016-05-20T10:47:20","modified_gmt":"2016-05-20T09:47:20","slug":"nuisances-aeriennes","status":"publish","type":"page","link":"https:\/\/www.clients.horus-informatique71.fr\/advocnar_backup\/nuisances-aeriennes\/","title":{"rendered":"Nuisances a\u00e9riennes"},"content":{"rendered":"<p>Le d\u00e9veloppement spectaculaire, in\u00e9luctable et continu du trafic a\u00e9rien g\u00e9n\u00e8re malheureusement un accroissement de plus en plus insupportable des nuisances a\u00e9riennes. Bien que difficiles \u00e0 mesurer et pour partie subjectivement appr\u00e9ci\u00e9es, ces nuisances provoquent du stress et une souffrance certaine, v\u00e9cue et subie chez les riverains des a\u00e9roports et ont un impact gravement nuisible \u00e0 la fois sur leur qualit\u00e9 de vie, leur sant\u00e9 physique et psychique ainsi que sur l\u2019environnement. En d\u00e9pit des d\u00e9clarations l\u00e9nifiantes des autorit\u00e9s gouvernementales et des organisations professionnelles concern\u00e9es, il n\u2019existe aucune volont\u00e9 r\u00e9elle de r\u00e9duire ces nuisances a\u00e9riennes qui sont donc h\u00e9las vou\u00e9es \u00e0 continuer de s\u2019accro\u00eetre au cours des ann\u00e9es \u00e0 venir. Ces nuisances se traduisent par une pollution sonore, une pollution atmosph\u00e9rique et une d\u00e9cote relative des biens immobiliers.<\/p>\n<h2><strong><span style=\"font-size: medium;\">Le bruit<\/span><\/strong><\/h2>\n<p>La pollution sonore est la plus tangible et la premi\u00e8re source de plaintes des riverains. Sont \u00e0 prendre en consid\u00e9ration non seulement le niveau du bruit, mais aussi la dur\u00e9e d\u2019exposition au bruit, laquelle tend \u00e0 devenir chronique avec l\u2019accroissement du trafic. La pollution sonore accro\u00eet essentiellement l\u2019hypertension art\u00e9rielle et les risques cardio-vasculaires associ\u00e9s, l\u2019anxi\u00e9t\u00e9 et la consommation de m\u00e9dicaments. En outre, elle est \u00e0 l\u2019origine de troubles du sommeil et r\u00e9duirait la capacit\u00e9 d\u2019apprentissage des enfants<\/p>\n<h2><strong><span style=\"font-size: medium;\">Le bruit, fracture environnementale<\/span><\/strong><\/h2>\n<p>Le bruit \u00a0 constitue une composante majeure de ce que l&rsquo;on peut appeler la \u00ab\u00a0fracture environnementale\u00a0\u00bb, les nuisances ou handicaps li\u00e9s \u00e0 l&rsquo;environnement \u00e9tant souvent rencontr\u00e9s avec la plus grande accuit\u00e9 dans les quartiers d\u00e9j\u00e0 les plus d\u00e9favoris\u00e9s, de sorte que les handicaps tendent \u00e0 s&rsquo;additionner dans ces quartiers.<\/p>\n<h2>La pollution atmosph\u00e9rique<\/h2>\n<p>&#8211; au niveau plan\u00e9taire ou global :<\/p>\n<p>Il s\u2019agit essentiellement de l\u2019effet de serre d\u00fb au CO2 au NOx,\u00a0 particules et tra\u00een\u00e9es de condensations qui sont responsable du r\u00e9chauffement climatique.<\/p>\n<p align=\"justify\">&#8211; au niveau r\u00e9gional :<\/p>\n<p align=\"justify\">La pollution d\u2019altitudes interm\u00e9diaires : il s\u2019agit de pollution au SO2 induisant les pluies acides, et de r\u00e9actions photochimiques dont les pr\u00e9curseurs sont les NOx et les HC et COV g\u00e9n\u00e9rant l\u2019ozone troposph\u00e9rique, le mauvais ozone !<\/p>\n<p>&#8211; au niveau local :<\/p>\n<p>Elle affecte les usagers des a\u00e9roports et les populations survol\u00e9es en phases approche\/d\u00e9collage, elle comporte essentiellement du CO, des hydrocarbures imbr\u00fbl\u00e9s au roulage et des COV, NOx et des particules fines. C\u2019est elle qui peut avoir un impact sur notre sant\u00e9. Celui-ci d\u00e9pend de la dur\u00e9e d\u2019exposition, de l\u2019\u00e9tat g\u00e9n\u00e9ral et de l\u2019\u00e2ge des personnes expos\u00e9es. La pollution locale peut avoir diff\u00e9rents effets ; ils sont li\u00e9s \u00e0 une action toxique sur les cellules et \u00e0 une inflammation des muqueuses. De plus, elle augmente la sensibilit\u00e9 des voies respiratoires aux infections et la sensibilit\u00e9 aux allerg\u00e8nes. Ces effets peuvent se manifester \u00e0 court terme et \u00e0 long terme ; ils sont alors le r\u00e9sultat du cumul des niveaux de pollution rencontr\u00e9s au jour le jour.<\/p>\n<h2 align=\"justify\"><strong><span style=\"font-size: medium;\">D\u00e9cote relative des biens immobiliers<\/span><\/strong><\/h2>\n<p>La valeur des biens immobiliers est amoindrie dans les zones expos\u00e9es aux nuisances a\u00e9riennes. Jusqu\u2019\u00e0 maintenant,la p\u00e9nurie de logements en Ile-de-France a masqu\u00e9 et att\u00e9nu\u00e9 le ph\u00e9nom\u00e8ne, mais celui-ci se r\u00e9v\u00e8lera au fur et \u00e0 mesure que la demande de logements sera satisfaite.<\/p>\n<p>L\u2019injustice des nuisances a\u00e9riennes est triple : les foyers ais\u00e9s se voient contraints de d\u00e9m\u00e9nager (d\u00e9racinement douloureux), les familles qui n\u2019en ont pas les moyens subissent des nuisances croissantes avec leur cort\u00e8ge d\u2019inconv\u00e9nients et les zones concern\u00e9es, perdant le b\u00e9n\u00e9fice de la mixit\u00e9, s\u2019enferment peu \u00e0 peu dans un ghetto social.<\/p>\n<p align=\"justify\">Les impacts des nuisances \u00a0sonores a\u00e9riennes: d\u00e9pr\u00e9ciation immobili\u00e8re et in\u00e9galit\u00e9 sociale?<\/p>\n<p style=\"text-align: center;\" align=\"justify\">Cas des a\u00e9roports de Paris-CDG, Paris-Orly, Lyon-Saint-Exup\u00e9ry et Toulouse-Blagnac<br \/>\nTravail de th\u00e8se r\u00e9alis\u00e9 par :<br \/>\nNo\u00eblvia SEDOARISOA<br \/>\nsous la codirection des Professeurs<br \/>\nDidier DESPONDS et Pierre ZEMBRI<br \/>\nCergy, le 29 septembre 2015<\/p>\n<p align=\"justify\"><a href=\"https:\/\/www.clients.horus-informatique71.fr\/advocnar_backup\/wp-content\/uploads\/2016\/04\/Presentation_these_Noelvia_SEDOARISOA_2.pdf\" target=\"_blank\"><img loading=\"lazy\" decoding=\"async\" class=\"wp-image-71417 aligncenter\" src=\"https:\/\/www.clients.horus-informatique71.fr\/advocnar_backup\/wp-content\/uploads\/2016\/04\/Adobe-PDF-Document-icon.png\" alt=\"Adobe-PDF-Document-icon\" width=\"126\" height=\"126\" srcset=\"https:\/\/www.clients.horus-informatique71.fr\/advocnar_backup\/wp-content\/uploads\/2016\/04\/Adobe-PDF-Document-icon.png 256w, https:\/\/www.clients.horus-informatique71.fr\/advocnar_backup\/wp-content\/uploads\/2016\/04\/Adobe-PDF-Document-icon-150x150.png 150w\" sizes=\"(max-width: 126px) 100vw, 126px\" \/><\/a><\/p>\n<p>&nbsp;<\/p>\n","protected":false},"excerpt":{"rendered":"<p>Le d\u00e9veloppement spectaculaire, in\u00e9luctable et continu du trafic a\u00e9rien g\u00e9n\u00e8re malheureusement un accroissement de plus en plus insupportable des nuisances a\u00e9riennes. Bien que difficiles \u00e0 mesurer et pour partie subjectivement appr\u00e9ci\u00e9es, ces nuisances provoquent du stress et une souffrance certaine, v\u00e9cue et subie chez les riverains des a\u00e9roports et ont un impact gravement nuisible \u00e0 [&hellip;]<\/p>\n","protected":false},"author":18,"featured_media":0,"parent":0,"menu_order":0,"comment_status":"closed","ping_status":"closed","template":"","meta":{"footnotes":""},"yoast_head":"<!-- This site is optimized with the Yoast SEO plugin v22.0 - https:\/\/yoast.com\/wordpress\/plugins\/seo\/ -->\n<title>Nuisances a\u00e9riennes - Advocnar<\/title>\n<meta name=\"robots\" content=\"index, follow, max-snippet:-1, max-image-preview:large, max-video-preview:-1\" \/>\n<link rel=\"canonical\" href=\"https:\/\/www.clients.horus-informatique71.fr\/advocnar_backup\/nuisances-aeriennes\/\" \/>\n<meta property=\"og:locale\" content=\"fr_FR\" \/>\n<meta property=\"og:type\" content=\"article\" \/>\n<meta property=\"og:title\" content=\"Nuisances a\u00e9riennes - Advocnar\" \/>\n<meta property=\"og:description\" content=\"Le d\u00e9veloppement spectaculaire, in\u00e9luctable et continu du trafic a\u00e9rien g\u00e9n\u00e8re malheureusement un accroissement de plus en plus insupportable des nuisances a\u00e9riennes. Bien que difficiles \u00e0 mesurer et pour partie subjectivement appr\u00e9ci\u00e9es, ces nuisances provoquent du stress et une souffrance certaine, v\u00e9cue et subie chez les riverains des a\u00e9roports et ont un impact gravement nuisible \u00e0 [&hellip;]\" \/>\n<meta property=\"og:url\" content=\"https:\/\/www.clients.horus-informatique71.fr\/advocnar_backup\/nuisances-aeriennes\/\" \/>\n<meta property=\"og:site_name\" content=\"Advocnar\" \/>\n<meta property=\"article:modified_time\" content=\"2016-05-20T09:47:20+00:00\" \/>\n<meta property=\"og:image\" content=\"https:\/\/www.advocnar.frwp-content\/uploads\/2016\/04\/Adobe-PDF-Document-icon.png\" \/>\n<meta name=\"twitter:card\" content=\"summary_large_image\" \/>\n<meta name=\"twitter:label1\" content=\"Dur\u00e9e de lecture estim\u00e9e\" \/>\n\t<meta name=\"twitter:data1\" content=\"3 minutes\" \/>\n<script type=\"application\/ld+json\" class=\"yoast-schema-graph\">{\"@context\":\"https:\/\/schema.org\",\"@graph\":[{\"@type\":\"WebPage\",\"@id\":\"https:\/\/www.clients.horus-informatique71.fr\/advocnar_backup\/nuisances-aeriennes\/\",\"url\":\"https:\/\/www.clients.horus-informatique71.fr\/advocnar_backup\/nuisances-aeriennes\/\",\"name\":\"Nuisances a\u00e9riennes - Advocnar\",\"isPartOf\":{\"@id\":\"https:\/\/www.clients.horus-informatique71.fr\/advocnar_backup\/#website\"},\"datePublished\":\"2016-02-24T09:09:13+00:00\",\"dateModified\":\"2016-05-20T09:47:20+00:00\",\"breadcrumb\":{\"@id\":\"https:\/\/www.clients.horus-informatique71.fr\/advocnar_backup\/nuisances-aeriennes\/#breadcrumb\"},\"inLanguage\":\"fr-FR\",\"potentialAction\":[{\"@type\":\"ReadAction\",\"target\":[\"https:\/\/www.clients.horus-informatique71.fr\/advocnar_backup\/nuisances-aeriennes\/\"]}]},{\"@type\":\"BreadcrumbList\",\"@id\":\"https:\/\/www.clients.horus-informatique71.fr\/advocnar_backup\/nuisances-aeriennes\/#breadcrumb\",\"itemListElement\":[{\"@type\":\"ListItem\",\"position\":1,\"name\":\"Accueil\",\"item\":\"https:\/\/www.clients.horus-informatique71.fr\/advocnar_backup\/\"},{\"@type\":\"ListItem\",\"position\":2,\"name\":\"Nuisances a\u00e9riennes\"}]},{\"@type\":\"WebSite\",\"@id\":\"https:\/\/www.clients.horus-informatique71.fr\/advocnar_backup\/#website\",\"url\":\"https:\/\/www.clients.horus-informatique71.fr\/advocnar_backup\/\",\"name\":\"Advocnar\",\"description\":\"Association de D\u00e9fense Contre les Nuisances A\u00e9riennes\",\"potentialAction\":[{\"@type\":\"SearchAction\",\"target\":{\"@type\":\"EntryPoint\",\"urlTemplate\":\"https:\/\/www.clients.horus-informatique71.fr\/advocnar_backup\/?s={search_term_string}\"},\"query-input\":\"required name=search_term_string\"}],\"inLanguage\":\"fr-FR\"}]}<\/script>\n<!-- \/ Yoast SEO plugin. -->","yoast_head_json":{"title":"Nuisances a\u00e9riennes - Advocnar","robots":{"index":"index","follow":"follow","max-snippet":"max-snippet:-1","max-image-preview":"max-image-preview:large","max-video-preview":"max-video-preview:-1"},"canonical":"https:\/\/www.clients.horus-informatique71.fr\/advocnar_backup\/nuisances-aeriennes\/","og_locale":"fr_FR","og_type":"article","og_title":"Nuisances a\u00e9riennes - Advocnar","og_description":"Le d\u00e9veloppement spectaculaire, in\u00e9luctable et continu du trafic a\u00e9rien g\u00e9n\u00e8re malheureusement un accroissement de plus en plus insupportable des nuisances a\u00e9riennes. Bien que difficiles \u00e0 mesurer et pour partie subjectivement appr\u00e9ci\u00e9es, ces nuisances provoquent du stress et une souffrance certaine, v\u00e9cue et subie chez les riverains des a\u00e9roports et ont un impact gravement nuisible \u00e0 [&hellip;]","og_url":"https:\/\/www.clients.horus-informatique71.fr\/advocnar_backup\/nuisances-aeriennes\/","og_site_name":"Advocnar","article_modified_time":"2016-05-20T09:47:20+00:00","og_image":[{"url":"https:\/\/www.advocnar.frwp-content\/uploads\/2016\/04\/Adobe-PDF-Document-icon.png"}],"twitter_card":"summary_large_image","twitter_misc":{"Dur\u00e9e de lecture estim\u00e9e":"3 minutes"},"schema":{"@context":"https:\/\/schema.org","@graph":[{"@type":"WebPage","@id":"https:\/\/www.clients.horus-informatique71.fr\/advocnar_backup\/nuisances-aeriennes\/","url":"https:\/\/www.clients.horus-informatique71.fr\/advocnar_backup\/nuisances-aeriennes\/","name":"Nuisances a\u00e9riennes - Advocnar","isPartOf":{"@id":"https:\/\/www.clients.horus-informatique71.fr\/advocnar_backup\/#website"},"datePublished":"2016-02-24T09:09:13+00:00","dateModified":"2016-05-20T09:47:20+00:00","breadcrumb":{"@id":"https:\/\/www.clients.horus-informatique71.fr\/advocnar_backup\/nuisances-aeriennes\/#breadcrumb"},"inLanguage":"fr-FR","potentialAction":[{"@type":"ReadAction","target":["https:\/\/www.clients.horus-informatique71.fr\/advocnar_backup\/nuisances-aeriennes\/"]}]},{"@type":"BreadcrumbList","@id":"https:\/\/www.clients.horus-informatique71.fr\/advocnar_backup\/nuisances-aeriennes\/#breadcrumb","itemListElement":[{"@type":"ListItem","position":1,"name":"Accueil","item":"https:\/\/www.clients.horus-informatique71.fr\/advocnar_backup\/"},{"@type":"ListItem","position":2,"name":"Nuisances a\u00e9riennes"}]},{"@type":"WebSite","@id":"https:\/\/www.clients.horus-informatique71.fr\/advocnar_backup\/#website","url":"https:\/\/www.clients.horus-informatique71.fr\/advocnar_backup\/","name":"Advocnar","description":"Association de D\u00e9fense Contre les Nuisances A\u00e9riennes","potentialAction":[{"@type":"SearchAction","target":{"@type":"EntryPoint","urlTemplate":"https:\/\/www.clients.horus-informatique71.fr\/advocnar_backup\/?s={search_term_string}"},"query-input":"required name=search_term_string"}],"inLanguage":"fr-FR"}]}},"_links":{"self":[{"href":"https:\/\/www.clients.horus-informatique71.fr\/advocnar_backup\/wp-json\/wp\/v2\/pages\/70759"}],"collection":[{"href":"https:\/\/www.clients.horus-informatique71.fr\/advocnar_backup\/wp-json\/wp\/v2\/pages"}],"about":[{"href":"https:\/\/www.clients.horus-informatique71.fr\/advocnar_backup\/wp-json\/wp\/v2\/types\/page"}],"author":[{"embeddable":true,"href":"https:\/\/www.clients.horus-informatique71.fr\/advocnar_backup\/wp-json\/wp\/v2\/users\/18"}],"replies":[{"embeddable":true,"href":"https:\/\/www.clients.horus-informatique71.fr\/advocnar_backup\/wp-json\/wp\/v2\/comments?post=70759"}],"version-history":[{"count":1,"href":"https:\/\/www.clients.horus-informatique71.fr\/advocnar_backup\/wp-json\/wp\/v2\/pages\/70759\/revisions"}],"predecessor-version":[{"id":70760,"href":"https:\/\/www.clients.horus-informatique71.fr\/advocnar_backup\/wp-json\/wp\/v2\/pages\/70759\/revisions\/70760"}],"wp:attachment":[{"href":"https:\/\/www.clients.horus-informatique71.fr\/advocnar_backup\/wp-json\/wp\/v2\/media?parent=70759"}],"curies":[{"name":"wp","href":"https:\/\/api.w.org\/{rel}","templated":true}]}}