{"id":71583,"date":"2016-04-27T11:54:02","date_gmt":"2016-04-27T10:54:02","guid":{"rendered":"https:\/\/www.clients.horus-informatique71.fr\/advocnar_backup\/?page_id=71583"},"modified":"2018-07-04T16:50:29","modified_gmt":"2018-07-04T14:50:29","slug":"roissy-cdg","status":"publish","type":"page","link":"https:\/\/www.clients.horus-informatique71.fr\/advocnar_backup\/les-aeroports\/roissy-cdg\/","title":{"rendered":"Roissy CDG"},"content":{"rendered":"<p>[vc_row type=\u00a0\u00bbcontainer\u00a0\u00bb padding_top=\u00a0\u00bb\u00a0\u00bb padding_bottom=\u00a0\u00bb\u00a0\u00bb][vc_column][vc_column_text]<\/p>\n<h2>Rappel de quelques faits historiques<\/h2>\n<p><strong>1974<\/strong>\u00a0Inauguration de l\u2019a\u00e9roport avec la piste 1<br \/>\n<strong>1982<\/strong>\u00a0Mise en service de la piste 2<br \/>\n<strong>1989<\/strong>\u00a01<sup>er<\/sup>\u00a0Plan d\u2019Exposition au Bruit (PEB)<br \/>\n<strong>1995<\/strong>\u00a0Rapport Douffiagues proposant la cr\u00e9ation de 2 pistes suppl\u00e9mentaires (doublets)<br \/>\n<strong>1996<\/strong>\u00a0Mission de concertation du pr\u00e9fet Carr\u00e8re sur Roissy CdG<br \/>\nSur recommandation de la mission Douffiagues, d\u00e9cision du gouvernement Jupp\u00e9 de r\u00e9server le site de Beauvilliers en Eure-et-Loir pour la cr\u00e9ation d\u2019un 3\u00e8me\u00a0a\u00e9roport. Cr\u00e9ation du hub d\u2019Air France<br \/>\n<strong>1997<\/strong>\u00a0D\u00e9cision du gouvernement Jospin d\u2019abandonner le 3\u00e8me\u00a0a\u00e9roport et d\u2019autoriser les 2 pistes suppl\u00e9mentaires contre la promesse d\u2019un plafonnement \u00e0 55 millions du nombre annuel des passagers<br \/>\n<strong>1999<\/strong>\u00a0Installation du hub de Fedex<\/p>\n<p><a href=\"http:\/\/www.assemblee-nationale.fr\/rap-info\/i1671.asp\">Rapport Blazy<\/a> sur la politique a\u00e9roportuaire<br \/>\n<strong>2000<\/strong>\u00a0Le 25 juillet crash du Concorde. Mise en service depuis la fin 2000 des pistes 3 et 4, doublets parall\u00e8les \u00e0 chacune des pistes originelles situ\u00e9es au nord et au sud de l\u2019a\u00e9roport. Longues de 2 700 m contre 3600 m pour les plus anciennes, ces nouvelles pistes sont r\u00e9serv\u00e9es aux atterrissages<br \/>\n<strong>2001<\/strong>\u00a0Concertation \u00ab\u00a0D\u00e9marche d\u2019utilit\u00e9 concert\u00e9e pour un site a\u00e9roportuaire international\u00a0\u00bb (DUCSAI) proposant de localiser le 3<sup>\u00e8me<\/sup>\u00a0a\u00e9roport \u00e0 Chaulnes dans la Somme<br \/>\n<strong>2002<\/strong>\u00a0D\u00e9cision du gouvernement Raffarin d\u2019abandonner le choix de Chaulnes pour le 3<sup>\u00e8me <\/sup>a\u00e9roport<br \/>\n<strong>2003<\/strong> <a href=\"http:\/\/www.assemblee-nationale.fr\/12\/rap-info\/i1016-3.asp\">Rapport Gonnot<\/a> sur l\u2019avenir du transport a\u00e9rien fran\u00e7ais<\/p>\n<p>1<sup>\u00e8re<\/sup> commission \u00ab\u00a0Vols de nuit\u00a0\u00bb<\/p>\n<p>Rapport Le Grand sur un d\u00e9veloppement durable des a\u00e9roports parisiens<\/p>\n<p><strong>2008<\/strong> Rapport Dermagne sur la charte du d\u00e9veloppement durable de Roissy CdG<\/p>\n<p><a href=\"https:\/\/www.clients.horus-informatique71.fr\/advocnar_backup\/wp-content\/uploads\/2016\/04\/Cour_comptes_RPT-Aeroports.pdf\">Rapport th\u00e9matique de la Cour des Compte<\/a>\u00a0sur les subventions accord\u00e9es aux a\u00e9roports<\/p>\n<p><strong>2011<\/strong> 2<sup>\u00e8me<\/sup> commission \u00ab\u00a0Vols de nuit\u00a0\u00bb<\/p>\n<p><strong>2011<\/strong> <a href=\"https:\/\/www.clients.horus-informatique71.fr\/advocnar_backup\/wp-content\/uploads\/2016\/04\/proposition-de-loi-3486-Didier-Gonzales-1.pdf\">proposition de loi relative \u00e0 la desserte a\u00e9rienne du Grand Paris<\/a><\/p>\n<p><strong>2011<\/strong> <a href=\"https:\/\/www.clients.horus-informatique71.fr\/advocnar_backup\/wp-content\/uploads\/2016\/04\/Communique-NKM-Creation-et-Participants-2011-10-03-1.pdf\">Commission strat\u00e9gique sur l\u2019avenir de l\u2019a\u00e9roport d\u2019Orly<\/a><\/p>\n<p><strong>2014<\/strong> 3<sup>\u00e8me<\/sup> commission \u00ab\u00a0Vols de nuit\u00a0\u00bb<\/p>\n<p><strong>2015<\/strong> Envoy\u00e9 Sp\u00e9ciale\u00a0: \u00ab<a href=\"http:\/\/www.francetvinfo.fr\/replay-magazine\/france-2\/envoye-special\/\">\u00a0A\u00e9roports\u00a0: le grand gaspillage<\/a>\u00a0\u00bb<\/p>\n<p><strong>2016<\/strong> Rapport parlementaire Benisti \u2013 Bouillon sur les cons\u00e9quences sanitaires des <a href=\"http:\/\/www.assemblee-nationale.fr\/14\/rap-info\/i3580.asp\">nuisances a\u00e9riennes<\/a><\/p>\n<p>&nbsp;<\/p>\n<p>Force est de constater que les gouvernements successifs ont fait le choix de privil\u00e9gier les int\u00e9r\u00eats \u00e9conomiques du secteur a\u00e9ronautique en repoussant toujours plus loin les limites de l\u2019acceptable pour les populations survol\u00e9es. Les p\u00e9titions, les enqu\u00eates publiques, les manifestations \u00e0 Roissy et \u00e0 Paris, et m\u00eame les rapports parlementaires ont toujours \u00e9t\u00e9 ignor\u00e9s.<\/p>\n<h2>L\u2019a\u00e9roport de tous les records\u00a0: \u00a01er rang europ\u00e9en<\/h2>\n<p>L\u2019a\u00e9roport CDG a \u00e9t\u00e9 implant\u00e9 \u00e0 seulement 23 km de Paris afin que les retomb\u00e9es \u00e9conomiques g\u00e9n\u00e9r\u00e9es par son activit\u00e9 restent dans le giron de ses promoteurs parisiens, dans le m\u00e9pris le plus total du sort des centaines de milliers de riverains concern\u00e9s dont ceux de nombreuses villes comme Sarcelles, Goussainville, Tremblay-en-France et Gonesse, sans citer les 127 communes concern\u00e9es par le Plan d\u2019Exposition au Bruit (PEB)\u2026Sur le plan du trafic passagers, CDG occupe le 9\u00e8me\u00a0rang mondial et le 2\u00e8me\u00a0rang europ\u00e9en. En termes de mouvements, Roissy CdG occupe la 1\u00e8re place europ\u00e9enne.Il s\u2019est \u00e9galement hiss\u00e9 \u00e0 la premi\u00e8re place europ\u00e9enne pour le fret \u2019d\u00e9tron\u00e9 depuis peu par Francfort). CDG est en outre le champion des vols de nuit avec\u00a0160\u00a0mouvements par nuit (58 000 par an entre 22 h et 6 h, contre 85 \u00e0 Francfort, 60 \u00e0 Li\u00e8ge, 77 \u00e0 Schiphol et 16 \u00e0 Heathrow (entre 23h et 6h). Contrairement \u00e0 Orly, les a\u00e9roports de Roissy CDG et du Bourget ne connaissent\u00a0ni plafonnement des mouvements, ni suspension des vols de nuit. C\u2019est pourquoi l\u2019ADVOCNAR a fait de ces limitations ses deux principaux chevaux de bataille. Or les perspectives sont plus sombres et alarmantes que jamais, car les d\u00e9cisions strat\u00e9giques portent sur le \u00ab\u00a0tout Roissy\u00a0\u00bb qui poss\u00e8de encore une bonne marge de croissance estim\u00e9e jusqu\u2019\u00e0 900 0000 mouvements. Cela vient d\u2019\u00eatre confort\u00e9 par la d\u00e9cision 105 du <a href=\"https:\/\/www.clients.horus-informatique71.fr\/advocnar_backup\/wp-content\/uploads\/2016\/04\/2008-rapport-de-la-commision-de-la-croissance-francaise.pdf\">rapport Attali<\/a> qui se fixe pour objectif de faire de Roissy CDG le premier a\u00e9roport europ\u00e9en. Or, outre les risques permanents de crash et l\u2019augmentation infernale du bruit, l\u2019a\u00e9roport pollue d\u00e9j\u00e0 autant que le boulevard p\u00e9riph\u00e9rique, axe routier le plus fr\u00e9quent\u00e9 de France. Et ce ne sont pas les \u00ab\u00a0mesurettes\u00a0\u00bb annonc\u00e9es \u00e0 la suite du Grenelle de l\u2019environnement qui seront de nature \u00e0 r\u00e9duire r\u00e9ellement l\u2019ampleur des nuisances.<\/p>\n<h2>Des a\u00e9roports de d\u00e9lestage<\/h2>\n<p>Dans l\u2019orbite parisienne se situent les a\u00e9roports de Beauvais \u00e0 80 km, Vatry \u00e0 120 km et Ch\u00e2teauroux \u00e0 270 km, les deux derniers misant sur le fret. Mais en d\u00e9pit de l\u2019attractivit\u00e9 de leurs co\u00fbts, de leur accessibilit\u00e9 assur\u00e9e 24h\/24, de la saturation des a\u00e9roports d\u2019ADP et de l\u2019abandon du 3<sup>\u00e8me<\/sup> a\u00e9roport parisien, la politique suivie jusqu\u2019\u00e0 maintenant ne leur a laiss\u00e9 aucune chance. A l\u2019origine ancien a\u00e9roport de l\u2019OTAN rachet\u00e9 par le Conseil g\u00e9n\u00e9ral de la Marne, Vatry est pourtant raccord\u00e9 \u00e0 l\u2019A26 et d\u00e9j\u00e0 reli\u00e9 par rail \u00e0 la nouvelle LGV-Est passant \u00e0 une trentaine de km seulement. Se situant en 3<sup>\u00e8me<\/sup> position pour le fret, son potentiel de d\u00e9veloppement est immense. Mais\u00a0\u00ab\u00a0l&rsquo;expressiste\u00a0\u00bb Federal Express (FEDEX) a renonc\u00e9 \u00e0 s\u2019y installer. Bien que le fret s\u2019effectue en partie en correspondance et dans les soutes des avions de ligne, il importe de le red\u00e9ployer au maximum vers des sites d\u00e9di\u00e9s en vue de d\u00e9sengorger enfin CDG.[\/vc_column_text][\/vc_column][\/vc_row]<\/p>\n","protected":false},"excerpt":{"rendered":"<p>[vc_row type=\u00a0\u00bbcontainer\u00a0\u00bb padding_top=\u00a0\u00bb\u00a0\u00bb padding_bottom=\u00a0\u00bb\u00a0\u00bb][vc_column][vc_column_text] Rappel de quelques faits historiques 1974\u00a0Inauguration de l\u2019a\u00e9roport avec la piste 1 1982\u00a0Mise en service de la piste 2 1989\u00a01er\u00a0Plan d\u2019Exposition au Bruit (PEB) 1995\u00a0Rapport Douffiagues proposant la cr\u00e9ation de 2 pistes suppl\u00e9mentaires (doublets) 1996\u00a0Mission de concertation du pr\u00e9fet Carr\u00e8re sur Roissy CdG Sur recommandation de la mission Douffiagues, d\u00e9cision du [&hellip;]<\/p>\n","protected":false},"author":18,"featured_media":0,"parent":71579,"menu_order":0,"comment_status":"closed","ping_status":"closed","template":"","meta":{"footnotes":""},"yoast_head":"<!-- This site is optimized with the Yoast SEO plugin v22.0 - https:\/\/yoast.com\/wordpress\/plugins\/seo\/ -->\n<title>Roissy CDG - Advocnar<\/title>\n<meta name=\"robots\" content=\"index, follow, max-snippet:-1, max-image-preview:large, max-video-preview:-1\" \/>\n<link rel=\"canonical\" href=\"https:\/\/www.clients.horus-informatique71.fr\/advocnar_backup\/les-aeroports\/roissy-cdg\/\" \/>\n<meta property=\"og:locale\" content=\"fr_FR\" \/>\n<meta property=\"og:type\" content=\"article\" \/>\n<meta property=\"og:title\" content=\"Roissy CDG - Advocnar\" \/>\n<meta property=\"og:description\" content=\"[vc_row type=\u00a0\u00bbcontainer\u00a0\u00bb padding_top=\u00a0\u00bb\u00a0\u00bb padding_bottom=\u00a0\u00bb\u00a0\u00bb][vc_column][vc_column_text] Rappel de quelques faits historiques 1974\u00a0Inauguration de l\u2019a\u00e9roport avec la piste 1 1982\u00a0Mise en service de la piste 2 1989\u00a01er\u00a0Plan d\u2019Exposition au Bruit (PEB) 1995\u00a0Rapport Douffiagues proposant la cr\u00e9ation de 2 pistes suppl\u00e9mentaires (doublets) 1996\u00a0Mission de concertation du pr\u00e9fet Carr\u00e8re sur Roissy CdG Sur recommandation de la mission Douffiagues, d\u00e9cision du [&hellip;]\" \/>\n<meta property=\"og:url\" content=\"https:\/\/www.clients.horus-informatique71.fr\/advocnar_backup\/les-aeroports\/roissy-cdg\/\" \/>\n<meta property=\"og:site_name\" content=\"Advocnar\" \/>\n<meta property=\"article:modified_time\" content=\"2018-07-04T14:50:29+00:00\" \/>\n<meta name=\"twitter:card\" content=\"summary_large_image\" \/>\n<meta name=\"twitter:label1\" content=\"Dur\u00e9e de lecture estim\u00e9e\" \/>\n\t<meta name=\"twitter:data1\" content=\"5 minutes\" \/>\n<script type=\"application\/ld+json\" class=\"yoast-schema-graph\">{\"@context\":\"https:\/\/schema.org\",\"@graph\":[{\"@type\":\"WebPage\",\"@id\":\"https:\/\/www.clients.horus-informatique71.fr\/advocnar_backup\/les-aeroports\/roissy-cdg\/\",\"url\":\"https:\/\/www.clients.horus-informatique71.fr\/advocnar_backup\/les-aeroports\/roissy-cdg\/\",\"name\":\"Roissy CDG - Advocnar\",\"isPartOf\":{\"@id\":\"https:\/\/www.clients.horus-informatique71.fr\/advocnar_backup\/#website\"},\"datePublished\":\"2016-04-27T10:54:02+00:00\",\"dateModified\":\"2018-07-04T14:50:29+00:00\",\"breadcrumb\":{\"@id\":\"https:\/\/www.clients.horus-informatique71.fr\/advocnar_backup\/les-aeroports\/roissy-cdg\/#breadcrumb\"},\"inLanguage\":\"fr-FR\",\"potentialAction\":[{\"@type\":\"ReadAction\",\"target\":[\"https:\/\/www.clients.horus-informatique71.fr\/advocnar_backup\/les-aeroports\/roissy-cdg\/\"]}]},{\"@type\":\"BreadcrumbList\",\"@id\":\"https:\/\/www.clients.horus-informatique71.fr\/advocnar_backup\/les-aeroports\/roissy-cdg\/#breadcrumb\",\"itemListElement\":[{\"@type\":\"ListItem\",\"position\":1,\"name\":\"Accueil\",\"item\":\"https:\/\/www.clients.horus-informatique71.fr\/advocnar_backup\/\"},{\"@type\":\"ListItem\",\"position\":2,\"name\":\"Les A\u00e9roports\",\"item\":\"https:\/\/www.clients.horus-informatique71.fr\/advocnar_backup\/les-aeroports\/\"},{\"@type\":\"ListItem\",\"position\":3,\"name\":\"Roissy CDG\"}]},{\"@type\":\"WebSite\",\"@id\":\"https:\/\/www.clients.horus-informatique71.fr\/advocnar_backup\/#website\",\"url\":\"https:\/\/www.clients.horus-informatique71.fr\/advocnar_backup\/\",\"name\":\"Advocnar\",\"description\":\"Association de D\u00e9fense Contre les Nuisances A\u00e9riennes\",\"potentialAction\":[{\"@type\":\"SearchAction\",\"target\":{\"@type\":\"EntryPoint\",\"urlTemplate\":\"https:\/\/www.clients.horus-informatique71.fr\/advocnar_backup\/?s={search_term_string}\"},\"query-input\":\"required name=search_term_string\"}],\"inLanguage\":\"fr-FR\"}]}<\/script>\n<!-- \/ Yoast SEO plugin. -->","yoast_head_json":{"title":"Roissy CDG - Advocnar","robots":{"index":"index","follow":"follow","max-snippet":"max-snippet:-1","max-image-preview":"max-image-preview:large","max-video-preview":"max-video-preview:-1"},"canonical":"https:\/\/www.clients.horus-informatique71.fr\/advocnar_backup\/les-aeroports\/roissy-cdg\/","og_locale":"fr_FR","og_type":"article","og_title":"Roissy CDG - Advocnar","og_description":"[vc_row type=\u00a0\u00bbcontainer\u00a0\u00bb padding_top=\u00a0\u00bb\u00a0\u00bb padding_bottom=\u00a0\u00bb\u00a0\u00bb][vc_column][vc_column_text] Rappel de quelques faits historiques 1974\u00a0Inauguration de l\u2019a\u00e9roport avec la piste 1 1982\u00a0Mise en service de la piste 2 1989\u00a01er\u00a0Plan d\u2019Exposition au Bruit (PEB) 1995\u00a0Rapport Douffiagues proposant la cr\u00e9ation de 2 pistes suppl\u00e9mentaires (doublets) 1996\u00a0Mission de concertation du pr\u00e9fet Carr\u00e8re sur Roissy CdG Sur recommandation de la mission Douffiagues, d\u00e9cision du [&hellip;]","og_url":"https:\/\/www.clients.horus-informatique71.fr\/advocnar_backup\/les-aeroports\/roissy-cdg\/","og_site_name":"Advocnar","article_modified_time":"2018-07-04T14:50:29+00:00","twitter_card":"summary_large_image","twitter_misc":{"Dur\u00e9e de lecture estim\u00e9e":"5 minutes"},"schema":{"@context":"https:\/\/schema.org","@graph":[{"@type":"WebPage","@id":"https:\/\/www.clients.horus-informatique71.fr\/advocnar_backup\/les-aeroports\/roissy-cdg\/","url":"https:\/\/www.clients.horus-informatique71.fr\/advocnar_backup\/les-aeroports\/roissy-cdg\/","name":"Roissy CDG - Advocnar","isPartOf":{"@id":"https:\/\/www.clients.horus-informatique71.fr\/advocnar_backup\/#website"},"datePublished":"2016-04-27T10:54:02+00:00","dateModified":"2018-07-04T14:50:29+00:00","breadcrumb":{"@id":"https:\/\/www.clients.horus-informatique71.fr\/advocnar_backup\/les-aeroports\/roissy-cdg\/#breadcrumb"},"inLanguage":"fr-FR","potentialAction":[{"@type":"ReadAction","target":["https:\/\/www.clients.horus-informatique71.fr\/advocnar_backup\/les-aeroports\/roissy-cdg\/"]}]},{"@type":"BreadcrumbList","@id":"https:\/\/www.clients.horus-informatique71.fr\/advocnar_backup\/les-aeroports\/roissy-cdg\/#breadcrumb","itemListElement":[{"@type":"ListItem","position":1,"name":"Accueil","item":"https:\/\/www.clients.horus-informatique71.fr\/advocnar_backup\/"},{"@type":"ListItem","position":2,"name":"Les A\u00e9roports","item":"https:\/\/www.clients.horus-informatique71.fr\/advocnar_backup\/les-aeroports\/"},{"@type":"ListItem","position":3,"name":"Roissy CDG"}]},{"@type":"WebSite","@id":"https:\/\/www.clients.horus-informatique71.fr\/advocnar_backup\/#website","url":"https:\/\/www.clients.horus-informatique71.fr\/advocnar_backup\/","name":"Advocnar","description":"Association de D\u00e9fense Contre les Nuisances A\u00e9riennes","potentialAction":[{"@type":"SearchAction","target":{"@type":"EntryPoint","urlTemplate":"https:\/\/www.clients.horus-informatique71.fr\/advocnar_backup\/?s={search_term_string}"},"query-input":"required name=search_term_string"}],"inLanguage":"fr-FR"}]}},"_links":{"self":[{"href":"https:\/\/www.clients.horus-informatique71.fr\/advocnar_backup\/wp-json\/wp\/v2\/pages\/71583"}],"collection":[{"href":"https:\/\/www.clients.horus-informatique71.fr\/advocnar_backup\/wp-json\/wp\/v2\/pages"}],"about":[{"href":"https:\/\/www.clients.horus-informatique71.fr\/advocnar_backup\/wp-json\/wp\/v2\/types\/page"}],"author":[{"embeddable":true,"href":"https:\/\/www.clients.horus-informatique71.fr\/advocnar_backup\/wp-json\/wp\/v2\/users\/18"}],"replies":[{"embeddable":true,"href":"https:\/\/www.clients.horus-informatique71.fr\/advocnar_backup\/wp-json\/wp\/v2\/comments?post=71583"}],"version-history":[{"count":10,"href":"https:\/\/www.clients.horus-informatique71.fr\/advocnar_backup\/wp-json\/wp\/v2\/pages\/71583\/revisions"}],"predecessor-version":[{"id":74452,"href":"https:\/\/www.clients.horus-informatique71.fr\/advocnar_backup\/wp-json\/wp\/v2\/pages\/71583\/revisions\/74452"}],"up":[{"embeddable":true,"href":"https:\/\/www.clients.horus-informatique71.fr\/advocnar_backup\/wp-json\/wp\/v2\/pages\/71579"}],"wp:attachment":[{"href":"https:\/\/www.clients.horus-informatique71.fr\/advocnar_backup\/wp-json\/wp\/v2\/media?parent=71583"}],"curies":[{"name":"wp","href":"https:\/\/api.w.org\/{rel}","templated":true}]}}