{"id":71609,"date":"2016-04-27T13:19:36","date_gmt":"2016-04-27T12:19:36","guid":{"rendered":"https:\/\/www.clients.horus-informatique71.fr\/advocnar_backup\/?page_id=71609"},"modified":"2021-04-17T11:01:06","modified_gmt":"2021-04-17T09:01:06","slug":"cadre-reglementaire","status":"publish","type":"page","link":"https:\/\/www.clients.horus-informatique71.fr\/advocnar_backup\/cadre-reglementaire\/","title":{"rendered":"Cadre r\u00e9glementaire"},"content":{"rendered":"<p>Nous nous int\u00e9ressons dans ce chapitre aux r\u00e9glementations qui ont une influence sur la probl\u00e9matique des nuisances a\u00e9riennes en France et dans le monde. La progression importante du trafic a\u00e9rien a conduit les autorit\u00e9s de contr\u00f4le \u00e0 l&rsquo;\u00e9laboration de r\u00e9glementations sur la s\u00e9curit\u00e9, le bruit des avions, l&rsquo;\u00e9mission de polluants, les proc\u00e9dures de descente et d&rsquo;approche des a\u00e9roports, le choix des routes a\u00e9riennes.<br \/>\nNous pouvons classer ces diff\u00e9rentes r\u00e9glementations en trois niveaux\u00a0 :<\/p>\n<h4><a href=\"https:\/\/www.advocnar.frcadre-reglementaire\/international\/\">L&rsquo;international<\/a><\/h4>\n<p>L&rsquo;organisation de l&rsquo;aviation civile internationale (OACI), d\u00e9pendant de l&rsquo;ONU, d&rsquo;une part, fixe les r\u00e8gles internationales concernant les avions avec en particulier, la s\u00e9curit\u00e9, le bruit et les \u00e9missions et, d&rsquo;autre part, s&rsquo;assure de l&rsquo;efficacit\u00e9 de la continuit\u00e9 des activit\u00e9s a\u00e9ronautiques et du renforcement du droit qui r\u00e9git l&rsquo;aviation civile internationale. L&rsquo;OACI s&rsquo;est notamment oppos\u00e9e \u00e0 l&rsquo;entr\u00e9e de l&rsquo;aviation civile dans le protocole de Kyoto. Eurocontrol, dont le si\u00e8ge est \u00e0 Bruxelles, a pour objet de fixer les r\u00e8gles du trafic a\u00e9rien en Europe en relation \u00e9troite avec l&rsquo;OACI.<\/p>\n<h4>l&rsquo;Union Europ\u00e9enne<\/h4>\n<p>A ce niveau, nous nous int\u00e9ressons surtout aux directives, r\u00e8glements, et d\u00e9cisions qui vont influencer la r\u00e9glementation en France. Le vote du Parlement europ\u00e9en en novembre 2007 d\u00e9cidant l&rsquo;entr\u00e9e de l&rsquo;aviation civile dans le syst\u00e8me d&rsquo;\u00e9change de quotas carbone est une avanc\u00e9e importante. La directive 2002\/30\/EU vise \u00e0 att\u00e9nuer les nuisances sonores g\u00e9n\u00e9r\u00e9es par le trafic a\u00e9rien\u00a0 et la directive 2002\/49\/EU fait obligation de cr\u00e9er des cartes de bruit pour les principaux a\u00e9roports et les grandes villes. Les associations de d\u00e9fense contre les nuisances a\u00e9riennes en France mettent leurs espoirs dans l&rsquo;action de Bruxelles et bien s\u00fbr une applications par la France des r\u00e8gles \u00e9dict\u00e9es !<\/p>\n<h4><a href=\"https:\/\/www.advocnar.frpgs-peb-autres\/\">Au plan national<\/a><\/h4>\n<p>Les aspects les plus importants concernant les populations victimes de nuisances a\u00e9riennes sont trait\u00e9s dans les diff\u00e9rents plans d&rsquo;urbanisme, tel que le le plan de g\u00eane sonore (PGS) qui d\u00e9termine les zones donnant droit \u00e0 indemnisation autour des principaux a\u00e9roports et le plan d&rsquo;exposition au bruit (PEB) qui fixe les r\u00e8gles d&rsquo;urbanisme cr\u00e9ant des obligations pour les propri\u00e9taires, promoteurs collectivit\u00e9s locales.<\/p>\n<p>Enfin, le Pr\u00e9sident Sarkozy a mis en place le Grenelle de l&rsquo;environnement qui a beaucoup occup\u00e9 la sc\u00e8ne politique et m\u00e9diatique depuis juillet 2007. Le projet de loi Grenelle1, incluant les aspects qui nous int\u00e9ressent sera pr\u00e9sent\u00e9 au Parlement d\u00e9but juin. Il est encore temps de contacter vos \u00e9lus au Parlement pour agir. Deux titres du projets de loi sont \u00e0 suivre particuli\u00e8rement :<\/p>\n<p>&#8212; titre premier : lutte contre le changement climatique. Chapitre trois transports ce qui correspondait au groupe de travail n\u00b01.<br \/>\n&#8212; titre trois : pr\u00e9vention des risques pour l&rsquo;environnement et la sant\u00e9, groupe de travail n\u00b03<br \/>\nPour tout savoir sur la prise en compte des nuisances a\u00e9riennes au Grenelle de l&rsquo;environnement et les positions de l&rsquo;ADVOCNAR, voir Grenelle de l&rsquo;Environnement .<\/p>\n","protected":false},"excerpt":{"rendered":"<p>Nous nous int\u00e9ressons dans ce chapitre aux r\u00e9glementations qui ont une influence sur la probl\u00e9matique des nuisances a\u00e9riennes en France et dans le monde. La progression importante du trafic a\u00e9rien a conduit les autorit\u00e9s de contr\u00f4le \u00e0 l&rsquo;\u00e9laboration de r\u00e9glementations sur la s\u00e9curit\u00e9, le bruit des avions, l&rsquo;\u00e9mission de polluants, les proc\u00e9dures de descente et [&hellip;]<\/p>\n","protected":false},"author":18,"featured_media":0,"parent":0,"menu_order":0,"comment_status":"closed","ping_status":"closed","template":"","meta":{"footnotes":""},"yoast_head":"<!-- This site is optimized with the Yoast SEO plugin v22.0 - https:\/\/yoast.com\/wordpress\/plugins\/seo\/ -->\n<title>Cadre r\u00e9glementaire - Advocnar<\/title>\n<meta name=\"robots\" content=\"index, follow, max-snippet:-1, max-image-preview:large, max-video-preview:-1\" \/>\n<link rel=\"canonical\" href=\"https:\/\/www.clients.horus-informatique71.fr\/advocnar_backup\/cadre-reglementaire\/\" \/>\n<meta property=\"og:locale\" content=\"fr_FR\" \/>\n<meta property=\"og:type\" content=\"article\" \/>\n<meta property=\"og:title\" content=\"Cadre r\u00e9glementaire - Advocnar\" \/>\n<meta property=\"og:description\" content=\"Nous nous int\u00e9ressons dans ce chapitre aux r\u00e9glementations qui ont une influence sur la probl\u00e9matique des nuisances a\u00e9riennes en France et dans le monde. La progression importante du trafic a\u00e9rien a conduit les autorit\u00e9s de contr\u00f4le \u00e0 l&rsquo;\u00e9laboration de r\u00e9glementations sur la s\u00e9curit\u00e9, le bruit des avions, l&rsquo;\u00e9mission de polluants, les proc\u00e9dures de descente et [&hellip;]\" \/>\n<meta property=\"og:url\" content=\"https:\/\/www.clients.horus-informatique71.fr\/advocnar_backup\/cadre-reglementaire\/\" \/>\n<meta property=\"og:site_name\" content=\"Advocnar\" \/>\n<meta property=\"article:modified_time\" content=\"2021-04-17T09:01:06+00:00\" \/>\n<meta name=\"twitter:card\" content=\"summary_large_image\" \/>\n<meta name=\"twitter:label1\" content=\"Dur\u00e9e de lecture estim\u00e9e\" \/>\n\t<meta name=\"twitter:data1\" content=\"2 minutes\" \/>\n<script type=\"application\/ld+json\" class=\"yoast-schema-graph\">{\"@context\":\"https:\/\/schema.org\",\"@graph\":[{\"@type\":\"WebPage\",\"@id\":\"https:\/\/www.clients.horus-informatique71.fr\/advocnar_backup\/cadre-reglementaire\/\",\"url\":\"https:\/\/www.clients.horus-informatique71.fr\/advocnar_backup\/cadre-reglementaire\/\",\"name\":\"Cadre r\u00e9glementaire - Advocnar\",\"isPartOf\":{\"@id\":\"https:\/\/www.clients.horus-informatique71.fr\/advocnar_backup\/#website\"},\"datePublished\":\"2016-04-27T12:19:36+00:00\",\"dateModified\":\"2021-04-17T09:01:06+00:00\",\"breadcrumb\":{\"@id\":\"https:\/\/www.clients.horus-informatique71.fr\/advocnar_backup\/cadre-reglementaire\/#breadcrumb\"},\"inLanguage\":\"fr-FR\",\"potentialAction\":[{\"@type\":\"ReadAction\",\"target\":[\"https:\/\/www.clients.horus-informatique71.fr\/advocnar_backup\/cadre-reglementaire\/\"]}]},{\"@type\":\"BreadcrumbList\",\"@id\":\"https:\/\/www.clients.horus-informatique71.fr\/advocnar_backup\/cadre-reglementaire\/#breadcrumb\",\"itemListElement\":[{\"@type\":\"ListItem\",\"position\":1,\"name\":\"Accueil\",\"item\":\"https:\/\/www.clients.horus-informatique71.fr\/advocnar_backup\/\"},{\"@type\":\"ListItem\",\"position\":2,\"name\":\"Cadre r\u00e9glementaire\"}]},{\"@type\":\"WebSite\",\"@id\":\"https:\/\/www.clients.horus-informatique71.fr\/advocnar_backup\/#website\",\"url\":\"https:\/\/www.clients.horus-informatique71.fr\/advocnar_backup\/\",\"name\":\"Advocnar\",\"description\":\"Association de D\u00e9fense Contre les Nuisances A\u00e9riennes\",\"potentialAction\":[{\"@type\":\"SearchAction\",\"target\":{\"@type\":\"EntryPoint\",\"urlTemplate\":\"https:\/\/www.clients.horus-informatique71.fr\/advocnar_backup\/?s={search_term_string}\"},\"query-input\":\"required name=search_term_string\"}],\"inLanguage\":\"fr-FR\"}]}<\/script>\n<!-- \/ Yoast SEO plugin. -->","yoast_head_json":{"title":"Cadre r\u00e9glementaire - Advocnar","robots":{"index":"index","follow":"follow","max-snippet":"max-snippet:-1","max-image-preview":"max-image-preview:large","max-video-preview":"max-video-preview:-1"},"canonical":"https:\/\/www.clients.horus-informatique71.fr\/advocnar_backup\/cadre-reglementaire\/","og_locale":"fr_FR","og_type":"article","og_title":"Cadre r\u00e9glementaire - Advocnar","og_description":"Nous nous int\u00e9ressons dans ce chapitre aux r\u00e9glementations qui ont une influence sur la probl\u00e9matique des nuisances a\u00e9riennes en France et dans le monde. La progression importante du trafic a\u00e9rien a conduit les autorit\u00e9s de contr\u00f4le \u00e0 l&rsquo;\u00e9laboration de r\u00e9glementations sur la s\u00e9curit\u00e9, le bruit des avions, l&rsquo;\u00e9mission de polluants, les proc\u00e9dures de descente et [&hellip;]","og_url":"https:\/\/www.clients.horus-informatique71.fr\/advocnar_backup\/cadre-reglementaire\/","og_site_name":"Advocnar","article_modified_time":"2021-04-17T09:01:06+00:00","twitter_card":"summary_large_image","twitter_misc":{"Dur\u00e9e de lecture estim\u00e9e":"2 minutes"},"schema":{"@context":"https:\/\/schema.org","@graph":[{"@type":"WebPage","@id":"https:\/\/www.clients.horus-informatique71.fr\/advocnar_backup\/cadre-reglementaire\/","url":"https:\/\/www.clients.horus-informatique71.fr\/advocnar_backup\/cadre-reglementaire\/","name":"Cadre r\u00e9glementaire - Advocnar","isPartOf":{"@id":"https:\/\/www.clients.horus-informatique71.fr\/advocnar_backup\/#website"},"datePublished":"2016-04-27T12:19:36+00:00","dateModified":"2021-04-17T09:01:06+00:00","breadcrumb":{"@id":"https:\/\/www.clients.horus-informatique71.fr\/advocnar_backup\/cadre-reglementaire\/#breadcrumb"},"inLanguage":"fr-FR","potentialAction":[{"@type":"ReadAction","target":["https:\/\/www.clients.horus-informatique71.fr\/advocnar_backup\/cadre-reglementaire\/"]}]},{"@type":"BreadcrumbList","@id":"https:\/\/www.clients.horus-informatique71.fr\/advocnar_backup\/cadre-reglementaire\/#breadcrumb","itemListElement":[{"@type":"ListItem","position":1,"name":"Accueil","item":"https:\/\/www.clients.horus-informatique71.fr\/advocnar_backup\/"},{"@type":"ListItem","position":2,"name":"Cadre r\u00e9glementaire"}]},{"@type":"WebSite","@id":"https:\/\/www.clients.horus-informatique71.fr\/advocnar_backup\/#website","url":"https:\/\/www.clients.horus-informatique71.fr\/advocnar_backup\/","name":"Advocnar","description":"Association de D\u00e9fense Contre les Nuisances A\u00e9riennes","potentialAction":[{"@type":"SearchAction","target":{"@type":"EntryPoint","urlTemplate":"https:\/\/www.clients.horus-informatique71.fr\/advocnar_backup\/?s={search_term_string}"},"query-input":"required name=search_term_string"}],"inLanguage":"fr-FR"}]}},"_links":{"self":[{"href":"https:\/\/www.clients.horus-informatique71.fr\/advocnar_backup\/wp-json\/wp\/v2\/pages\/71609"}],"collection":[{"href":"https:\/\/www.clients.horus-informatique71.fr\/advocnar_backup\/wp-json\/wp\/v2\/pages"}],"about":[{"href":"https:\/\/www.clients.horus-informatique71.fr\/advocnar_backup\/wp-json\/wp\/v2\/types\/page"}],"author":[{"embeddable":true,"href":"https:\/\/www.clients.horus-informatique71.fr\/advocnar_backup\/wp-json\/wp\/v2\/users\/18"}],"replies":[{"embeddable":true,"href":"https:\/\/www.clients.horus-informatique71.fr\/advocnar_backup\/wp-json\/wp\/v2\/comments?post=71609"}],"version-history":[{"count":4,"href":"https:\/\/www.clients.horus-informatique71.fr\/advocnar_backup\/wp-json\/wp\/v2\/pages\/71609\/revisions"}],"predecessor-version":[{"id":76890,"href":"https:\/\/www.clients.horus-informatique71.fr\/advocnar_backup\/wp-json\/wp\/v2\/pages\/71609\/revisions\/76890"}],"wp:attachment":[{"href":"https:\/\/www.clients.horus-informatique71.fr\/advocnar_backup\/wp-json\/wp\/v2\/media?parent=71609"}],"curies":[{"name":"wp","href":"https:\/\/api.w.org\/{rel}","templated":true}]}}